{"id":1170,"date":"2023-02-14T01:45:20","date_gmt":"2023-02-14T00:45:20","guid":{"rendered":"https:\/\/clarissesvoreppe.fr\/?page_id=1170"},"modified":"2023-05-31T15:36:23","modified_gmt":"2023-05-31T13:36:23","slug":"aux-alentours","status":"publish","type":"page","link":"https:\/\/clarissesvoreppe.fr\/index.php\/aux-alentours\/","title":{"rendered":"Aux alentours"},"content":{"rendered":"<p>[et_pb_section fb_built=\u00a0\u00bb1&Prime; next_background_color=\u00a0\u00bb#ffffff\u00a0\u00bb _builder_version=\u00a0\u00bb4.19.5&Prime; _module_preset=\u00a0\u00bbdefault\u00a0\u00bb use_background_color_gradient=\u00a0\u00bbon\u00a0\u00bb background_color_gradient_direction=\u00a0\u00bb177deg\u00a0\u00bb background_color_gradient_stops=\u00a0\u00bb#1e0d00 0%|rgba(41,196,169,0) 42%\u00a0\u00bb background_image=\u00a0\u00bbhttps:\/\/clarissesvoreppe.fr\/wp-content\/uploads\/2023\/02\/Regards-ouverts-header-1-scaled.jpg\u00a0\u00bb background_position=\u00a0\u00bbtop_center\u00a0\u00bb background_vertical_offset=\u00a0\u00bb79%\u00a0\u00bb background_blend=\u00a0\u00bboverlay\u00a0\u00bb module_alignment=\u00a0\u00bbright\u00a0\u00bb min_height=\u00a0\u00bb468.2px\u00a0\u00bb custom_margin=\u00a0\u00bb0px||0px||true|false\u00a0\u00bb custom_padding=\u00a0\u00bb93px||93px||true|false\u00a0\u00bb bottom_divider_style=\u00a0\u00bbclouds2&Prime; bottom_divider_flip=\u00a0\u00bbvertical\u00a0\u00bb locked=\u00a0\u00bboff\u00a0\u00bb global_colors_info=\u00a0\u00bb{}\u00a0\u00bb][et_pb_row _builder_version=\u00a0\u00bb4.16&Prime; custom_margin=\u00a0\u00bb|||\u00a0\u00bb locked=\u00a0\u00bboff\u00a0\u00bb global_colors_info=\u00a0\u00bb{}\u00a0\u00bb][et_pb_column type=\u00a0\u00bb4_4&Prime; _builder_version=\u00a0\u00bb4.16&Prime; custom_padding=\u00a0\u00bb|||\u00a0\u00bb global_colors_info=\u00a0\u00bb{}\u00a0\u00bb custom_padding__hover=\u00a0\u00bb|||\u00a0\u00bb][et_pb_text _builder_version=\u00a0\u00bb4.21.0&Prime; text_font=\u00a0\u00bbComfortaa|300|||||||\u00a0\u00bb text_font_size=\u00a0\u00bb42px\u00a0\u00bb text_line_height=\u00a0\u00bb1.8em\u00a0\u00bb header_font=\u00a0\u00bb|800||on|||||\u00a0\u00bb header_font_size=\u00a0\u00bb68px\u00a0\u00bb header_line_height=\u00a0\u00bb1.4em\u00a0\u00bb background_layout=\u00a0\u00bbdark\u00a0\u00bb max_width=\u00a0\u00bb700px\u00a0\u00bb min_height=\u00a0\u00bb100%\u00a0\u00bb custom_margin=\u00a0\u00bb39px||39px||true|false\u00a0\u00bb custom_padding=\u00a0\u00bb40px||40px||true|false\u00a0\u00bb text_font_size_tablet=\u00a0\u00bb\u00a0\u00bb text_font_size_phone=\u00a0\u00bb28px\u00a0\u00bb text_font_size_last_edited=\u00a0\u00bbon|phone\u00a0\u00bb header_font_size_tablet=\u00a0\u00bb44px\u00a0\u00bb header_font_size_phone=\u00a0\u00bb24px\u00a0\u00bb header_font_size_last_edited=\u00a0\u00bbon|desktop\u00a0\u00bb header_line_height_tablet=\u00a0\u00bb1.4em\u00a0\u00bb header_line_height_phone=\u00a0\u00bb1.4em\u00a0\u00bb header_line_height_last_edited=\u00a0\u00bbon|desktop\u00a0\u00bb filter_hue_rotate_tablet=\u00a0\u00bb\u00a0\u00bb filter_hue_rotate_phone=\u00a0\u00bb292deg\u00a0\u00bb filter_hue_rotate_last_edited=\u00a0\u00bbon|phone\u00a0\u00bb filter_saturate_tablet=\u00a0\u00bb\u00a0\u00bb filter_saturate_phone=\u00a0\u00bb166%\u00a0\u00bb filter_saturate_last_edited=\u00a0\u00bbon|phone\u00a0\u00bb filter_brightness_tablet=\u00a0\u00bb\u00a0\u00bb filter_brightness_phone=\u00a0\u00bb132%\u00a0\u00bb filter_brightness_last_edited=\u00a0\u00bbon|phone\u00a0\u00bb filter_opacity_tablet=\u00a0\u00bb\u00a0\u00bb filter_opacity_phone=\u00a0\u00bb100%\u00a0\u00bb filter_opacity_last_edited=\u00a0\u00bbon|phone\u00a0\u00bb text_text_shadow_style=\u00a0\u00bbpreset3&Prime; text_text_shadow_blur_strength=\u00a0\u00bb0.08em\u00a0\u00bb text_text_shadow_color=\u00a0\u00bb#000000&Prime; global_colors_info=\u00a0\u00bb{}\u00a0\u00bb content__hover_enabled=\u00a0\u00bboff|desktop\u00a0\u00bb custom_padding__hover_enabled=\u00a0\u00bboff|desktop\u00a0\u00bb]<\/p>\n<p>Aux alentours du monast\u00e8re<\/p>\n<p>[\/et_pb_text][\/et_pb_column][\/et_pb_row][\/et_pb_section][et_pb_section fb_built=\u00a0\u00bb1&Prime; _builder_version=\u00a0\u00bb4.19.5&Prime; _module_preset=\u00a0\u00bbdefault\u00a0\u00bb global_colors_info=\u00a0\u00bb{}\u00a0\u00bb][et_pb_row _builder_version=\u00a0\u00bb4.19.5&Prime; _module_preset=\u00a0\u00bbdefault\u00a0\u00bb global_colors_info=\u00a0\u00bb{}\u00a0\u00bb][et_pb_column type=\u00a0\u00bb4_4&Prime; _builder_version=\u00a0\u00bb4.19.5&Prime; _module_preset=\u00a0\u00bbdefault\u00a0\u00bb global_colors_info=\u00a0\u00bb{}\u00a0\u00bb][et_pb_text _builder_version=\u00a0\u00bb4.21.0&Prime; _module_preset=\u00a0\u00bbdefault\u00a0\u00bb text_font=\u00a0\u00bbComfortaa||||||||\u00a0\u00bb text_text_color=\u00a0\u00bb#000000&Prime; text_font_size=\u00a0\u00bb38px\u00a0\u00bb text_line_height=\u00a0\u00bb1.6em\u00a0\u00bb text_orientation=\u00a0\u00bbcenter\u00a0\u00bb global_colors_info=\u00a0\u00bb{}\u00a0\u00bb]<\/p>\n<p>Infos pratiques<\/p>\n<p>[\/et_pb_text][\/et_pb_column][\/et_pb_row][\/et_pb_section][et_pb_section fb_built=\u00a0\u00bb1&Prime; _builder_version=\u00a0\u00bb4.19.5&Prime; _module_preset=\u00a0\u00bbdefault\u00a0\u00bb custom_margin=\u00a0\u00bb0px|0px|0px|0px|true|false\u00a0\u00bb custom_padding=\u00a0\u00bb0px|0px|0px|0px|true|true\u00a0\u00bb global_colors_info=\u00a0\u00bb{}\u00a0\u00bb][et_pb_row column_structure=\u00a0\u00bb1_5,1_5,1_5,1_5,1_5&Prime; use_custom_gutter=\u00a0\u00bbon\u00a0\u00bb gutter_width=\u00a0\u00bb2&Prime; make_equal=\u00a0\u00bbon\u00a0\u00bb _builder_version=\u00a0\u00bb4.21.0&Prime; _module_preset=\u00a0\u00bbdefault\u00a0\u00bb width=\u00a0\u00bb100%\u00a0\u00bb max_width=\u00a0\u00bb100%\u00a0\u00bb custom_padding=\u00a0\u00bb|20px||20px|false|true\u00a0\u00bb global_colors_info=\u00a0\u00bb{}\u00a0\u00bb][et_pb_column type=\u00a0\u00bb1_5&Prime; _builder_version=\u00a0\u00bb4.21.0&Prime; _module_preset=\u00a0\u00bbdefault\u00a0\u00bb global_colors_info=\u00a0\u00bb{}\u00a0\u00bb][et_pb_toggle title=\u00a0\u00bbAlimentation g\u00e9n\u00e9rale\u00a0\u00bb open_toggle_text_color=\u00a0\u00bb#FFFFFF\u00a0\u00bb _builder_version=\u00a0\u00bb4.21.0&Prime; _module_preset=\u00a0\u00bbdefault\u00a0\u00bb title_text_color=\u00a0\u00bb#FFFFFF\u00a0\u00bb title_font=\u00a0\u00bbComfortaa||||||||\u00a0\u00bb title_font_size=\u00a0\u00bb20px\u00a0\u00bb body_font=\u00a0\u00bbComfortaa||||||||\u00a0\u00bb body_text_color=\u00a0\u00bb#FFFFFF\u00a0\u00bb body_font_size=\u00a0\u00bb16px\u00a0\u00bb use_background_color_gradient=\u00a0\u00bbon\u00a0\u00bb background_color_gradient_direction=\u00a0\u00bb360deg\u00a0\u00bb background_color_gradient_stops=\u00a0\u00bbrgba(0,0,0,0.8) 0%|rgba(41,196,169,0) 99%\u00a0\u00bb background_image=\u00a0\u00bbhttps:\/\/clarissesvoreppe.fr\/wp-content\/uploads\/2023\/05\/concept-alimentaire-equilibre-vegetarien-sain-salade-legumes-frais-bol-bouddha-1-scaled.jpg\u00a0\u00bb background_blend=\u00a0\u00bboverlay\u00a0\u00bb custom_padding=\u00a0\u00bb50px||50px||true|\u00a0\u00bb title_text_shadow_style=\u00a0\u00bbpreset3&Prime; title_text_shadow_blur_strength=\u00a0\u00bb0.14em\u00a0\u00bb title_text_shadow_color=\u00a0\u00bb#000000&Prime; body_text_shadow_style=\u00a0\u00bbpreset3&Prime; body_text_shadow_blur_strength=\u00a0\u00bb0.12em\u00a0\u00bb body_text_shadow_color=\u00a0\u00bb#000000&Prime; border_radii=\u00a0\u00bbon|10px|10px|10px|10px\u00a0\u00bb global_colors_info=\u00a0\u00bb{}\u00a0\u00bb]<\/p>\n<p>Supermarch\u00e9 U \u00e0 proximit\u00e9 <a href=\"https:\/\/www.magasins-u.com\/magasin\/superu-voreppe\" target=\"_blank\" rel=\"noopener\">(lien vers le magasin)<\/a><\/p>\n<p>[\/et_pb_toggle][\/et_pb_column][et_pb_column type=\u00a0\u00bb1_5&Prime; _builder_version=\u00a0\u00bb4.21.0&Prime; _module_preset=\u00a0\u00bbdefault\u00a0\u00bb global_colors_info=\u00a0\u00bb{}\u00a0\u00bb][et_pb_toggle title=\u00a0\u00bbPharmacie et soins\u00a0\u00bb open_toggle_text_color=\u00a0\u00bb#FFFFFF\u00a0\u00bb _builder_version=\u00a0\u00bb4.21.0&Prime; _module_preset=\u00a0\u00bbdefault\u00a0\u00bb title_text_color=\u00a0\u00bb#FFFFFF\u00a0\u00bb title_font=\u00a0\u00bbComfortaa||||||||\u00a0\u00bb title_font_size=\u00a0\u00bb20px\u00a0\u00bb body_font=\u00a0\u00bbComfortaa||||||||\u00a0\u00bb body_text_color=\u00a0\u00bb#FFFFFF\u00a0\u00bb body_font_size=\u00a0\u00bb16px\u00a0\u00bb use_background_color_gradient=\u00a0\u00bbon\u00a0\u00bb background_color_gradient_direction=\u00a0\u00bb360deg\u00a0\u00bb background_color_gradient_stops=\u00a0\u00bbrgba(0,0,0,0.8) 0%|rgba(41,196,169,0) 99%\u00a0\u00bb background_image=\u00a0\u00bbhttps:\/\/clarissesvoreppe.fr\/wp-content\/uploads\/2023\/05\/vue-rapprochee-main-pharmacien-prenant-boite-medicaments-etagere-pharmacie-scaled.jpg\u00a0\u00bb background_blend=\u00a0\u00bboverlay\u00a0\u00bb custom_padding=\u00a0\u00bb50px||50px||true|\u00a0\u00bb title_text_shadow_style=\u00a0\u00bbpreset3&Prime; title_text_shadow_blur_strength=\u00a0\u00bb0.14em\u00a0\u00bb title_text_shadow_color=\u00a0\u00bb#000000&Prime; body_text_shadow_style=\u00a0\u00bbpreset3&Prime; body_text_shadow_blur_strength=\u00a0\u00bb0.12em\u00a0\u00bb body_text_shadow_color=\u00a0\u00bb#000000&Prime; border_radii=\u00a0\u00bbon|10px|10px|10px|10px\u00a0\u00bb global_colors_info=\u00a0\u00bb{}\u00a0\u00bb]<\/p>\n<p>Pharmacie \u00e0 proximit\u00e9 <a href=\"https:\/\/pharmacies.pharmaciengiphar.com\/auvergne-rhone-alpes\/isere\/voreppe\/pharmacie-des-chartreux-438\" target=\"_blank\" rel=\"noopener\">(site de la pharmacie Gifar)<\/a><\/p>\n<p>[\/et_pb_toggle][\/et_pb_column][et_pb_column type=\u00a0\u00bb1_5&Prime; _builder_version=\u00a0\u00bb4.21.0&Prime; _module_preset=\u00a0\u00bbdefault\u00a0\u00bb global_colors_info=\u00a0\u00bb{}\u00a0\u00bb][et_pb_toggle title=\u00a0\u00bbLocation de v\u00e9hicule\u00a0\u00bb open_toggle_text_color=\u00a0\u00bb#FFFFFF\u00a0\u00bb _builder_version=\u00a0\u00bb4.21.0&Prime; _module_preset=\u00a0\u00bbdefault\u00a0\u00bb title_text_color=\u00a0\u00bb#FFFFFF\u00a0\u00bb title_font=\u00a0\u00bbComfortaa||||||||\u00a0\u00bb title_font_size=\u00a0\u00bb20px\u00a0\u00bb body_font=\u00a0\u00bbComfortaa||||||||\u00a0\u00bb body_text_color=\u00a0\u00bb#FFFFFF\u00a0\u00bb body_font_size=\u00a0\u00bb16px\u00a0\u00bb use_background_color_gradient=\u00a0\u00bbon\u00a0\u00bb background_color_gradient_direction=\u00a0\u00bb360deg\u00a0\u00bb background_color_gradient_stops=\u00a0\u00bbrgba(0,0,0,0.8) 0%|rgba(41,196,169,0) 99%\u00a0\u00bb background_image=\u00a0\u00bbhttps:\/\/clarissesvoreppe.fr\/wp-content\/uploads\/2023\/05\/voiture-scaled.jpg\u00a0\u00bb background_blend=\u00a0\u00bboverlay\u00a0\u00bb custom_padding=\u00a0\u00bb50px||50px||true|\u00a0\u00bb title_text_shadow_style=\u00a0\u00bbpreset3&Prime; title_text_shadow_blur_strength=\u00a0\u00bb0.14em\u00a0\u00bb title_text_shadow_color=\u00a0\u00bb#000000&Prime; body_text_shadow_style=\u00a0\u00bbpreset3&Prime; body_text_shadow_blur_strength=\u00a0\u00bb0.12em\u00a0\u00bb body_text_shadow_color=\u00a0\u00bb#000000&Prime; border_radii=\u00a0\u00bbon|10px|10px|10px|10px\u00a0\u00bb global_colors_info=\u00a0\u00bb{}\u00a0\u00bb]<\/p>\n<p>Location de v\u00e9hicule <a href=\"https:\/\/www.ulocation.com\/accueil\/contact\/nos-magasins\/38-isere\/u-express-voreppe.html\" target=\"_blank\" rel=\"noopener\">(voir site U)<\/a><\/p>\n<p>[\/et_pb_toggle][\/et_pb_column][et_pb_column type=\u00a0\u00bb1_5&Prime; _builder_version=\u00a0\u00bb4.21.0&Prime; _module_preset=\u00a0\u00bbdefault\u00a0\u00bb global_colors_info=\u00a0\u00bb{}\u00a0\u00bb][et_pb_toggle title=\u00a0\u00bbBus et transports\u00a0\u00bb open_toggle_text_color=\u00a0\u00bb#FFFFFF\u00a0\u00bb _builder_version=\u00a0\u00bb4.21.0&Prime; _module_preset=\u00a0\u00bbdefault\u00a0\u00bb title_text_color=\u00a0\u00bb#FFFFFF\u00a0\u00bb title_font=\u00a0\u00bbComfortaa||||||||\u00a0\u00bb title_font_size=\u00a0\u00bb20px\u00a0\u00bb body_font=\u00a0\u00bbComfortaa||||||||\u00a0\u00bb body_text_color=\u00a0\u00bb#FFFFFF\u00a0\u00bb body_font_size=\u00a0\u00bb16px\u00a0\u00bb use_background_color_gradient=\u00a0\u00bbon\u00a0\u00bb background_color_gradient_direction=\u00a0\u00bb360deg\u00a0\u00bb background_color_gradient_stops=\u00a0\u00bbrgba(0,0,0,0.8) 0%|rgba(41,196,169,0) 99%\u00a0\u00bb background_image=\u00a0\u00bbhttps:\/\/clarissesvoreppe.fr\/wp-content\/uploads\/2023\/05\/bus-scaled.jpg\u00a0\u00bb background_blend=\u00a0\u00bboverlay\u00a0\u00bb custom_padding=\u00a0\u00bb50px||50px||true|\u00a0\u00bb title_text_shadow_style=\u00a0\u00bbpreset3&Prime; title_text_shadow_blur_strength=\u00a0\u00bb0.14em\u00a0\u00bb title_text_shadow_color=\u00a0\u00bb#000000&Prime; body_text_shadow_style=\u00a0\u00bbpreset3&Prime; body_text_shadow_blur_strength=\u00a0\u00bb0.12em\u00a0\u00bb body_text_shadow_color=\u00a0\u00bb#000000&Prime; border_radii=\u00a0\u00bbon|10px|10px|10px|10px\u00a0\u00bb global_colors_info=\u00a0\u00bb{}\u00a0\u00bb]<\/p>\n<p>Trouver un bus<\/p>\n<p>[\/et_pb_toggle][\/et_pb_column][et_pb_column type=\u00a0\u00bb1_5&Prime; _builder_version=\u00a0\u00bb4.21.0&Prime; _module_preset=\u00a0\u00bbdefault\u00a0\u00bb global_colors_info=\u00a0\u00bb{}\u00a0\u00bb][et_pb_toggle title=\u00a0\u00bbLa  Chartreuse\u00a0\u00bb open_toggle_text_color=\u00a0\u00bb#FFFFFF\u00a0\u00bb _builder_version=\u00a0\u00bb4.21.0&Prime; _module_preset=\u00a0\u00bbdefault\u00a0\u00bb title_text_color=\u00a0\u00bb#FFFFFF\u00a0\u00bb title_font=\u00a0\u00bbComfortaa||||||||\u00a0\u00bb title_font_size=\u00a0\u00bb20px\u00a0\u00bb body_font=\u00a0\u00bbComfortaa||||||||\u00a0\u00bb body_text_color=\u00a0\u00bb#FFFFFF\u00a0\u00bb body_font_size=\u00a0\u00bb16px\u00a0\u00bb use_background_color_gradient=\u00a0\u00bbon\u00a0\u00bb background_color_gradient_direction=\u00a0\u00bb360deg\u00a0\u00bb background_color_gradient_stops=\u00a0\u00bbrgba(0,0,0,0.8) 0%|rgba(41,196,169,0) 99%\u00a0\u00bb background_image=\u00a0\u00bbhttps:\/\/clarissesvoreppe.fr\/wp-content\/uploads\/2023\/02\/Regards-ouverts-header-1-1024&#215;552.jpg\u00a0\u00bb background_blend=\u00a0\u00bboverlay\u00a0\u00bb custom_padding=\u00a0\u00bb50px||50px||true|\u00a0\u00bb title_text_shadow_style=\u00a0\u00bbpreset3&Prime; title_text_shadow_blur_strength=\u00a0\u00bb0.14em\u00a0\u00bb title_text_shadow_color=\u00a0\u00bb#000000&Prime; body_text_shadow_style=\u00a0\u00bbpreset3&Prime; body_text_shadow_blur_strength=\u00a0\u00bb0.12em\u00a0\u00bb body_text_shadow_color=\u00a0\u00bb#000000&Prime; border_radii=\u00a0\u00bbon|10px|10px|10px|10px\u00a0\u00bb global_colors_info=\u00a0\u00bb{}\u00a0\u00bb]<\/p>\n<p>Parc naturel r\u00e9gional de Chartreuse <a href=\"https:\/\/www.parc-chartreuse.net\/\" target=\"_blank\" rel=\"noopener\">(cliquez ici)<\/a><\/p>\n<p>[\/et_pb_toggle][\/et_pb_column][\/et_pb_row][et_pb_row column_structure=\u00a0\u00bb1_5,1_5,1_5,1_5,1_5&Prime; use_custom_gutter=\u00a0\u00bbon\u00a0\u00bb gutter_width=\u00a0\u00bb2&Prime; make_equal=\u00a0\u00bbon\u00a0\u00bb _builder_version=\u00a0\u00bb4.21.0&Prime; _module_preset=\u00a0\u00bbdefault\u00a0\u00bb width=\u00a0\u00bb100%\u00a0\u00bb max_width=\u00a0\u00bb100%\u00a0\u00bb custom_padding=\u00a0\u00bb|20px||20px|false|true\u00a0\u00bb global_colors_info=\u00a0\u00bb{}\u00a0\u00bb][et_pb_column type=\u00a0\u00bb1_5&Prime; _builder_version=\u00a0\u00bb4.21.0&Prime; _module_preset=\u00a0\u00bbdefault\u00a0\u00bb global_colors_info=\u00a0\u00bb{}\u00a0\u00bb][et_pb_toggle title=\u00a0\u00bbLe massif du Vercors\u00a0\u00bb open_toggle_text_color=\u00a0\u00bb#FFFFFF\u00a0\u00bb _builder_version=\u00a0\u00bb4.21.0&Prime; _module_preset=\u00a0\u00bbdefault\u00a0\u00bb title_text_color=\u00a0\u00bb#FFFFFF\u00a0\u00bb title_font=\u00a0\u00bbComfortaa||||||||\u00a0\u00bb title_font_size=\u00a0\u00bb20px\u00a0\u00bb body_font=\u00a0\u00bbComfortaa||||||||\u00a0\u00bb body_text_color=\u00a0\u00bb#FFFFFF\u00a0\u00bb body_font_size=\u00a0\u00bb16px\u00a0\u00bb use_background_color_gradient=\u00a0\u00bbon\u00a0\u00bb background_color_gradient_direction=\u00a0\u00bb360deg\u00a0\u00bb background_color_gradient_stops=\u00a0\u00bbrgba(0,0,0,0.8) 0%|rgba(41,196,169,0) 99%\u00a0\u00bb background_image=\u00a0\u00bbhttps:\/\/clarissesvoreppe.fr\/wp-content\/uploads\/2023\/05\/Sous_Rochers_Ranc_Agnelons-1024&#215;358.jpg\u00a0\u00bb background_blend=\u00a0\u00bboverlay\u00a0\u00bb custom_padding=\u00a0\u00bb50px||50px||true|\u00a0\u00bb title_text_shadow_style=\u00a0\u00bbpreset3&Prime; title_text_shadow_blur_strength=\u00a0\u00bb0.14em\u00a0\u00bb title_text_shadow_color=\u00a0\u00bb#000000&Prime; body_text_shadow_style=\u00a0\u00bbpreset3&Prime; body_text_shadow_blur_strength=\u00a0\u00bb0.12em\u00a0\u00bb body_text_shadow_color=\u00a0\u00bb#000000&Prime; border_radii=\u00a0\u00bbon|10px|10px|10px|10px\u00a0\u00bb global_colors_info=\u00a0\u00bb{}\u00a0\u00bb]<\/p>\n<p>Parc naturel du Vercos <a href=\"https:\/\/www.parc-du-vercors.fr\/\" target=\"_blank\" rel=\"noopener\">(cliquez ici)<\/a><a href=\"https:\/\/www.magasins-u.com\/magasin\/superu-voreppe\" target=\"_blank\" rel=\"noopener\"><\/a><\/p>\n<p>[\/et_pb_toggle][\/et_pb_column][et_pb_column type=\u00a0\u00bb1_5&Prime; _builder_version=\u00a0\u00bb4.21.0&Prime; _module_preset=\u00a0\u00bbdefault\u00a0\u00bb global_colors_info=\u00a0\u00bb{}\u00a0\u00bb][et_pb_toggle title=\u00a0\u00bbLe mus\u00e9e Arcabas\u00a0\u00bb open_toggle_text_color=\u00a0\u00bb#FFFFFF\u00a0\u00bb _builder_version=\u00a0\u00bb4.21.0&Prime; _module_preset=\u00a0\u00bbdefault\u00a0\u00bb title_text_color=\u00a0\u00bb#FFFFFF\u00a0\u00bb title_font=\u00a0\u00bbComfortaa||||||||\u00a0\u00bb title_font_size=\u00a0\u00bb20px\u00a0\u00bb body_font=\u00a0\u00bbComfortaa||||||||\u00a0\u00bb body_text_color=\u00a0\u00bb#FFFFFF\u00a0\u00bb body_font_size=\u00a0\u00bb16px\u00a0\u00bb use_background_color_gradient=\u00a0\u00bbon\u00a0\u00bb background_color_gradient_direction=\u00a0\u00bb360deg\u00a0\u00bb background_color_gradient_stops=\u00a0\u00bbrgba(0,0,0,0.8) 0%|rgba(41,196,169,0) 99%\u00a0\u00bb background_image=\u00a0\u00bbhttps:\/\/clarissesvoreppe.fr\/wp-content\/uploads\/2023\/05\/arcabas.jpg\u00a0\u00bb background_blend=\u00a0\u00bboverlay\u00a0\u00bb custom_padding=\u00a0\u00bb50px||50px||true|\u00a0\u00bb title_text_shadow_style=\u00a0\u00bbpreset3&Prime; title_text_shadow_blur_strength=\u00a0\u00bb0.14em\u00a0\u00bb title_text_shadow_color=\u00a0\u00bb#000000&Prime; body_text_shadow_style=\u00a0\u00bbpreset3&Prime; body_text_shadow_blur_strength=\u00a0\u00bb0.12em\u00a0\u00bb body_text_shadow_color=\u00a0\u00bb#000000&Prime; border_radii=\u00a0\u00bbon|10px|10px|10px|10px\u00a0\u00bb global_colors_info=\u00a0\u00bb{}\u00a0\u00bb]<\/p>\n<p>Mus\u00e9e Arcabas en Chartreuse <a href=\"https:\/\/culture.isere.fr\/annuaire\/musee-arcabas-en-chartreuse\" target=\"_blank\" rel=\"noopener\">(cliquez ici)<\/a><a href=\"https:\/\/pharmacies.pharmaciengiphar.com\/auvergne-rhone-alpes\/isere\/voreppe\/pharmacie-des-chartreux-438\" target=\"_blank\" rel=\"noopener\"><\/a><\/p>\n<p>[\/et_pb_toggle][\/et_pb_column][et_pb_column type=\u00a0\u00bb1_5&Prime; _builder_version=\u00a0\u00bb4.21.0&Prime; _module_preset=\u00a0\u00bbdefault\u00a0\u00bb global_colors_info=\u00a0\u00bb{}\u00a0\u00bb][et_pb_toggle title=\u00a0\u00bbSt Antoine l&rsquo;Abbaye\u00a0\u00bb open_toggle_text_color=\u00a0\u00bb#FFFFFF\u00a0\u00bb _builder_version=\u00a0\u00bb4.21.0&Prime; _module_preset=\u00a0\u00bbdefault\u00a0\u00bb title_text_color=\u00a0\u00bb#FFFFFF\u00a0\u00bb title_font=\u00a0\u00bbComfortaa||||||||\u00a0\u00bb title_font_size=\u00a0\u00bb20px\u00a0\u00bb body_font=\u00a0\u00bbComfortaa||||||||\u00a0\u00bb body_text_color=\u00a0\u00bb#FFFFFF\u00a0\u00bb body_font_size=\u00a0\u00bb16px\u00a0\u00bb use_background_color_gradient=\u00a0\u00bbon\u00a0\u00bb background_color_gradient_direction=\u00a0\u00bb360deg\u00a0\u00bb background_color_gradient_stops=\u00a0\u00bbrgba(0,0,0,0.8) 0%|rgba(41,196,169,0) 99%\u00a0\u00bb background_image=\u00a0\u00bbhttps:\/\/clarissesvoreppe.fr\/wp-content\/uploads\/2023\/05\/stantoine-1024&#215;728.jpg\u00a0\u00bb background_blend=\u00a0\u00bboverlay\u00a0\u00bb custom_padding=\u00a0\u00bb50px||50px||true|\u00a0\u00bb hover_enabled=\u00a0\u00bb0&Prime; title_text_shadow_style=\u00a0\u00bbpreset3&Prime; title_text_shadow_blur_strength=\u00a0\u00bb0.14em\u00a0\u00bb title_text_shadow_color=\u00a0\u00bb#000000&Prime; body_text_shadow_style=\u00a0\u00bbpreset3&Prime; body_text_shadow_blur_strength=\u00a0\u00bb0.12em\u00a0\u00bb body_text_shadow_color=\u00a0\u00bb#000000&Prime; border_radii=\u00a0\u00bbon|10px|10px|10px|10px\u00a0\u00bb global_colors_info=\u00a0\u00bb{}\u00a0\u00bb sticky_enabled=\u00a0\u00bb0&Prime;]<\/p>\n<p>Saint Antoine de l&rsquo;Abbaye <a href=\"https:\/\/tourisme.saintmarcellin-vercors-isere.fr\/top-10-incontournables\/saint-antoine-labbaye\/\" target=\"_blank\" rel=\"noopener\">(cliquez ici)<\/a><\/p>\n<p>[\/et_pb_toggle][\/et_pb_column][et_pb_column type=\u00a0\u00bb1_5&Prime; _builder_version=\u00a0\u00bb4.21.0&Prime; _module_preset=\u00a0\u00bbdefault\u00a0\u00bb global_colors_info=\u00a0\u00bb{}\u00a0\u00bb][et_pb_toggle title=\u00a0\u00bbL&rsquo;Ancien  \u00c9v\u00each\u00e9\u00a0\u00bb open_toggle_text_color=\u00a0\u00bb#FFFFFF\u00a0\u00bb _builder_version=\u00a0\u00bb4.21.0&Prime; _module_preset=\u00a0\u00bbdefault\u00a0\u00bb title_text_color=\u00a0\u00bb#FFFFFF\u00a0\u00bb title_font=\u00a0\u00bbComfortaa||||||||\u00a0\u00bb title_font_size=\u00a0\u00bb20px\u00a0\u00bb body_font=\u00a0\u00bbComfortaa||||||||\u00a0\u00bb body_text_color=\u00a0\u00bb#FFFFFF\u00a0\u00bb body_font_size=\u00a0\u00bb16px\u00a0\u00bb use_background_color_gradient=\u00a0\u00bbon\u00a0\u00bb background_color_gradient_direction=\u00a0\u00bb360deg\u00a0\u00bb background_color_gradient_stops=\u00a0\u00bbrgba(0,0,0,0.8) 0%|rgba(41,196,169,0) 99%\u00a0\u00bb background_image=\u00a0\u00bbhttps:\/\/clarissesvoreppe.fr\/wp-content\/uploads\/2023\/05\/eveche.jpg\u00a0\u00bb background_blend=\u00a0\u00bboverlay\u00a0\u00bb custom_padding=\u00a0\u00bb50px||50px||true|\u00a0\u00bb title_text_shadow_style=\u00a0\u00bbpreset3&Prime; title_text_shadow_blur_strength=\u00a0\u00bb0.14em\u00a0\u00bb title_text_shadow_color=\u00a0\u00bb#000000&Prime; body_text_shadow_style=\u00a0\u00bbpreset3&Prime; body_text_shadow_blur_strength=\u00a0\u00bb0.12em\u00a0\u00bb body_text_shadow_color=\u00a0\u00bb#000000&Prime; border_radii=\u00a0\u00bbon|10px|10px|10px|10px\u00a0\u00bb global_colors_info=\u00a0\u00bb{}\u00a0\u00bb]<\/p>\n<p>Mus\u00e9e de l&rsquo;Ancien \u00c9v\u00each\u00e9 <a href=\"https:\/\/musees.isere.fr\/musee\/musee-de-lancien-eveche\" target=\"_blank\" rel=\"noopener\">(cliquez ici)<\/a><\/p>\n<p>[\/et_pb_toggle][\/et_pb_column][et_pb_column type=\u00a0\u00bb1_5&Prime; _builder_version=\u00a0\u00bb4.21.0&Prime; _module_preset=\u00a0\u00bbdefault\u00a0\u00bb global_colors_info=\u00a0\u00bb{}\u00a0\u00bb][et_pb_toggle title=\u00a0\u00bbLe ch\u00e2teau de Vizille\u00a0\u00bb open_toggle_text_color=\u00a0\u00bb#FFFFFF\u00a0\u00bb _builder_version=\u00a0\u00bb4.21.0&Prime; _module_preset=\u00a0\u00bbdefault\u00a0\u00bb title_text_color=\u00a0\u00bb#FFFFFF\u00a0\u00bb title_font=\u00a0\u00bbComfortaa||||||||\u00a0\u00bb title_font_size=\u00a0\u00bb20px\u00a0\u00bb body_font=\u00a0\u00bbComfortaa||||||||\u00a0\u00bb body_text_color=\u00a0\u00bb#FFFFFF\u00a0\u00bb body_font_size=\u00a0\u00bb16px\u00a0\u00bb use_background_color_gradient=\u00a0\u00bbon\u00a0\u00bb background_color_gradient_direction=\u00a0\u00bb360deg\u00a0\u00bb background_color_gradient_stops=\u00a0\u00bbrgba(0,0,0,0.8) 0%|rgba(41,196,169,0) 99%\u00a0\u00bb background_image=\u00a0\u00bbhttps:\/\/clarissesvoreppe.fr\/wp-content\/uploads\/2023\/05\/vizille_hercule-1024&#215;413.jpg\u00a0\u00bb background_blend=\u00a0\u00bboverlay\u00a0\u00bb custom_padding=\u00a0\u00bb50px||50px||true|\u00a0\u00bb title_text_shadow_style=\u00a0\u00bbpreset3&Prime; title_text_shadow_blur_strength=\u00a0\u00bb0.14em\u00a0\u00bb title_text_shadow_color=\u00a0\u00bb#000000&Prime; body_text_shadow_style=\u00a0\u00bbpreset3&Prime; body_text_shadow_blur_strength=\u00a0\u00bb0.12em\u00a0\u00bb body_text_shadow_color=\u00a0\u00bb#000000&Prime; border_radii=\u00a0\u00bbon|10px|10px|10px|10px\u00a0\u00bb global_colors_info=\u00a0\u00bb{}\u00a0\u00bb]<\/p>\n<p>Ch\u00e2teau de Vizille <a href=\"https:\/\/www.isere-tourisme.com\/patrimoine-culturel\/domaine-de-vizille\" target=\"_blank\" rel=\"noopener\">(cliquez ici)<\/a><\/p>\n<p>[\/et_pb_toggle][\/et_pb_column][\/et_pb_row][et_pb_row column_structure=\u00a0\u00bb1_5,1_5,1_5,1_5,1_5&Prime; use_custom_gutter=\u00a0\u00bbon\u00a0\u00bb gutter_width=\u00a0\u00bb2&Prime; make_equal=\u00a0\u00bbon\u00a0\u00bb _builder_version=\u00a0\u00bb4.21.0&Prime; _module_preset=\u00a0\u00bbdefault\u00a0\u00bb width=\u00a0\u00bb100%\u00a0\u00bb max_width=\u00a0\u00bb100%\u00a0\u00bb custom_padding=\u00a0\u00bb|20px||20px|false|true\u00a0\u00bb global_colors_info=\u00a0\u00bb{}\u00a0\u00bb][et_pb_column type=\u00a0\u00bb1_5&Prime; _builder_version=\u00a0\u00bb4.21.0&Prime; _module_preset=\u00a0\u00bbdefault\u00a0\u00bb global_colors_info=\u00a0\u00bb{}\u00a0\u00bb][et_pb_toggle title=\u00a0\u00bbMus\u00e9e Arch\u00e9ologie\u00a0\u00bb open_toggle_text_color=\u00a0\u00bb#FFFFFF\u00a0\u00bb _builder_version=\u00a0\u00bb4.21.0&Prime; _module_preset=\u00a0\u00bbdefault\u00a0\u00bb title_text_color=\u00a0\u00bb#FFFFFF\u00a0\u00bb title_font=\u00a0\u00bbComfortaa||||||||\u00a0\u00bb title_font_size=\u00a0\u00bb20px\u00a0\u00bb body_font=\u00a0\u00bbComfortaa||||||||\u00a0\u00bb body_text_color=\u00a0\u00bb#FFFFFF\u00a0\u00bb body_font_size=\u00a0\u00bb16px\u00a0\u00bb use_background_color_gradient=\u00a0\u00bbon\u00a0\u00bb background_color_gradient_direction=\u00a0\u00bb360deg\u00a0\u00bb background_color_gradient_stops=\u00a0\u00bbrgba(0,0,0,0.8) 0%|rgba(41,196,169,0) 99%\u00a0\u00bb background_image=\u00a0\u00bbhttps:\/\/clarissesvoreppe.fr\/wp-content\/uploads\/2023\/05\/paladru-1.jpg\u00a0\u00bb background_blend=\u00a0\u00bboverlay\u00a0\u00bb custom_padding=\u00a0\u00bb50px||50px||true|\u00a0\u00bb title_text_shadow_style=\u00a0\u00bbpreset3&Prime; title_text_shadow_blur_strength=\u00a0\u00bb0.14em\u00a0\u00bb title_text_shadow_color=\u00a0\u00bb#000000&Prime; body_text_shadow_style=\u00a0\u00bbpreset3&Prime; body_text_shadow_blur_strength=\u00a0\u00bb0.12em\u00a0\u00bb body_text_shadow_color=\u00a0\u00bb#000000&Prime; border_radii=\u00a0\u00bbon|10px|10px|10px|10px\u00a0\u00bb global_colors_info=\u00a0\u00bb{}\u00a0\u00bb]<\/p>\n<p>Mus\u00e9e arch\u00e9ologique de Paladru <a href=\"https:\/\/www.museearcheologiquelacdepaladru.fr\/\" target=\"_blank\" rel=\"noopener\">(cliquez ici)<\/a><a href=\"https:\/\/www.parc-du-vercors.fr\/\" target=\"_blank\" rel=\"noopener\"><\/a><a href=\"https:\/\/www.magasins-u.com\/magasin\/superu-voreppe\" target=\"_blank\" rel=\"noopener\"><\/a><\/p>\n<p>[\/et_pb_toggle][\/et_pb_column][et_pb_column type=\u00a0\u00bb1_5&Prime; _builder_version=\u00a0\u00bb4.21.0&Prime; _module_preset=\u00a0\u00bbdefault\u00a0\u00bb global_colors_info=\u00a0\u00bb{}\u00a0\u00bb][et_pb_toggle title=\u00a0\u00bbLa grotte de Choranche\u00a0\u00bb open_toggle_text_color=\u00a0\u00bb#FFFFFF\u00a0\u00bb _builder_version=\u00a0\u00bb4.21.0&Prime; _module_preset=\u00a0\u00bbdefault\u00a0\u00bb title_text_color=\u00a0\u00bb#FFFFFF\u00a0\u00bb title_font=\u00a0\u00bbComfortaa||||||||\u00a0\u00bb title_font_size=\u00a0\u00bb20px\u00a0\u00bb body_font=\u00a0\u00bbComfortaa||||||||\u00a0\u00bb body_text_color=\u00a0\u00bb#FFFFFF\u00a0\u00bb body_font_size=\u00a0\u00bb16px\u00a0\u00bb use_background_color_gradient=\u00a0\u00bbon\u00a0\u00bb background_color_gradient_direction=\u00a0\u00bb360deg\u00a0\u00bb background_color_gradient_stops=\u00a0\u00bbrgba(0,0,0,0.8) 0%|rgba(41,196,169,0) 99%\u00a0\u00bb background_image=\u00a0\u00bbhttps:\/\/clarissesvoreppe.fr\/wp-content\/uploads\/2023\/05\/grotte-1.jpg\u00a0\u00bb background_blend=\u00a0\u00bboverlay\u00a0\u00bb custom_padding=\u00a0\u00bb50px||50px||true|\u00a0\u00bb hover_enabled=\u00a0\u00bb0&Prime; title_text_shadow_style=\u00a0\u00bbpreset3&Prime; title_text_shadow_blur_strength=\u00a0\u00bb0.14em\u00a0\u00bb title_text_shadow_color=\u00a0\u00bb#000000&Prime; body_text_shadow_style=\u00a0\u00bbpreset3&Prime; body_text_shadow_blur_strength=\u00a0\u00bb0.12em\u00a0\u00bb body_text_shadow_color=\u00a0\u00bb#000000&Prime; border_radii=\u00a0\u00bbon|10px|10px|10px|10px\u00a0\u00bb global_colors_info=\u00a0\u00bb{}\u00a0\u00bb sticky_enabled=\u00a0\u00bb0&Prime;]<\/p>\n<p>Visitez les grottes Choranche <a href=\"https:\/\/www.visites-nature-vercors.com\/fr\/grotte-de-choranche\/decouvrir\/\" target=\"_blank\" rel=\"noopener\">(cliquez ici)<\/a><\/p>\n<p>[\/et_pb_toggle][\/et_pb_column][et_pb_column type=\u00a0\u00bb1_5&Prime; _builder_version=\u00a0\u00bb4.21.0&Prime; _module_preset=\u00a0\u00bbdefault\u00a0\u00bb global_colors_info=\u00a0\u00bb{}\u00a0\u00bb][et_pb_toggle title=\u00a0\u00bbLes routes du Vercors\u00a0\u00bb open_toggle_text_color=\u00a0\u00bb#FFFFFF\u00a0\u00bb _builder_version=\u00a0\u00bb4.21.0&Prime; _module_preset=\u00a0\u00bbdefault\u00a0\u00bb title_text_color=\u00a0\u00bb#FFFFFF\u00a0\u00bb title_font=\u00a0\u00bbComfortaa||||||||\u00a0\u00bb title_font_size=\u00a0\u00bb20px\u00a0\u00bb body_font=\u00a0\u00bbComfortaa||||||||\u00a0\u00bb body_text_color=\u00a0\u00bb#FFFFFF\u00a0\u00bb body_font_size=\u00a0\u00bb16px\u00a0\u00bb use_background_color_gradient=\u00a0\u00bbon\u00a0\u00bb background_color_gradient_direction=\u00a0\u00bb360deg\u00a0\u00bb background_color_gradient_stops=\u00a0\u00bbrgba(0,0,0,0.8) 0%|rgba(41,196,169,0) 99%\u00a0\u00bb background_image=\u00a0\u00bbhttps:\/\/clarissesvoreppe.fr\/wp-content\/uploads\/2023\/05\/vertige.jpg\u00a0\u00bb background_blend=\u00a0\u00bboverlay\u00a0\u00bb custom_padding=\u00a0\u00bb50px||50px||true|\u00a0\u00bb title_text_shadow_style=\u00a0\u00bbpreset3&Prime; title_text_shadow_blur_strength=\u00a0\u00bb0.14em\u00a0\u00bb title_text_shadow_color=\u00a0\u00bb#000000&Prime; body_text_shadow_style=\u00a0\u00bbpreset3&Prime; body_text_shadow_blur_strength=\u00a0\u00bb0.12em\u00a0\u00bb body_text_shadow_color=\u00a0\u00bb#000000&Prime; border_radii=\u00a0\u00bbon|10px|10px|10px|10px\u00a0\u00bb global_colors_info=\u00a0\u00bb{}\u00a0\u00bb]<\/p>\n<p>Les routes vertigineuses du Vercors <a href=\"https:\/\/www.isere-tourisme.com\/equipements\/les-routes-vertigineuses-du-vercors\" target=\"_blank\" rel=\"noopener\">(Cliquez ici)<\/a><a href=\"https:\/\/tourisme.saintmarcellin-vercors-isere.fr\/top-10-incontournables\/saint-antoine-labbaye\/\" target=\"_blank\" rel=\"noopener\"><\/a><\/p>\n<p>[\/et_pb_toggle][\/et_pb_column][et_pb_column type=\u00a0\u00bb1_5&Prime; _builder_version=\u00a0\u00bb4.21.0&Prime; _module_preset=\u00a0\u00bbdefault\u00a0\u00bb global_colors_info=\u00a0\u00bb{}\u00a0\u00bb][et_pb_toggle title=\u00a0\u00bbLa cit\u00e9 de Cr\u00e9mieux\u00a0\u00bb open_toggle_text_color=\u00a0\u00bb#FFFFFF\u00a0\u00bb _builder_version=\u00a0\u00bb4.21.0&Prime; _module_preset=\u00a0\u00bbdefault\u00a0\u00bb title_text_color=\u00a0\u00bb#FFFFFF\u00a0\u00bb title_font=\u00a0\u00bbComfortaa||||||||\u00a0\u00bb title_font_size=\u00a0\u00bb20px\u00a0\u00bb body_font=\u00a0\u00bbComfortaa||||||||\u00a0\u00bb body_text_color=\u00a0\u00bb#FFFFFF\u00a0\u00bb body_font_size=\u00a0\u00bb16px\u00a0\u00bb use_background_color_gradient=\u00a0\u00bbon\u00a0\u00bb background_color_gradient_direction=\u00a0\u00bb360deg\u00a0\u00bb background_color_gradient_stops=\u00a0\u00bbrgba(0,0,0,0.8) 0%|rgba(41,196,169,0) 99%\u00a0\u00bb background_image=\u00a0\u00bbhttps:\/\/clarissesvoreppe.fr\/wp-content\/uploads\/2023\/05\/cremieu_tour-1.jpg\u00a0\u00bb background_blend=\u00a0\u00bboverlay\u00a0\u00bb custom_padding=\u00a0\u00bb50px||50px||true|\u00a0\u00bb title_text_shadow_style=\u00a0\u00bbpreset3&Prime; title_text_shadow_blur_strength=\u00a0\u00bb0.14em\u00a0\u00bb title_text_shadow_color=\u00a0\u00bb#000000&Prime; body_text_shadow_style=\u00a0\u00bbpreset3&Prime; body_text_shadow_blur_strength=\u00a0\u00bb0.12em\u00a0\u00bb body_text_shadow_color=\u00a0\u00bb#000000&Prime; border_radii=\u00a0\u00bbon|10px|10px|10px|10px\u00a0\u00bb global_colors_info=\u00a0\u00bb{}\u00a0\u00bb]<\/p>\n<p>La cit\u00e9 m\u00e9di\u00e9vale de Cr\u00e9mieux <a href=\"https:\/\/www.isere-tourisme.com\/patrimoine-culturel\/cremieu-cite-medievale\" target=\"_blank\" rel=\"noopener\">(cliquez ici)<\/a><\/p>\n<p>[\/et_pb_toggle][\/et_pb_column][et_pb_column type=\u00a0\u00bb1_5&Prime; _builder_version=\u00a0\u00bb4.21.0&Prime; _module_preset=\u00a0\u00bbdefault\u00a0\u00bb global_colors_info=\u00a0\u00bb{}\u00a0\u00bb][et_pb_toggle title=\u00a0\u00bbNoix de Grenoble\u00a0\u00bb open_toggle_text_color=\u00a0\u00bb#FFFFFF\u00a0\u00bb _builder_version=\u00a0\u00bb4.21.0&Prime; _module_preset=\u00a0\u00bbdefault\u00a0\u00bb title_text_color=\u00a0\u00bb#FFFFFF\u00a0\u00bb title_font=\u00a0\u00bbComfortaa||||||||\u00a0\u00bb title_font_size=\u00a0\u00bb20px\u00a0\u00bb body_font=\u00a0\u00bbComfortaa||||||||\u00a0\u00bb body_text_color=\u00a0\u00bb#FFFFFF\u00a0\u00bb body_font_size=\u00a0\u00bb16px\u00a0\u00bb use_background_color_gradient=\u00a0\u00bbon\u00a0\u00bb background_color_gradient_direction=\u00a0\u00bb360deg\u00a0\u00bb background_color_gradient_stops=\u00a0\u00bbrgba(0,0,0,0.8) 0%|rgba(41,196,169,0) 99%\u00a0\u00bb background_image=\u00a0\u00bbhttps:\/\/clarissesvoreppe.fr\/wp-content\/uploads\/2023\/05\/Juglans_regia_Echte_Walnussfrucht_3-1.jpg\u00a0\u00bb background_blend=\u00a0\u00bboverlay\u00a0\u00bb custom_padding=\u00a0\u00bb50px||50px||true|\u00a0\u00bb title_text_shadow_style=\u00a0\u00bbpreset3&Prime; title_text_shadow_blur_strength=\u00a0\u00bb0.14em\u00a0\u00bb title_text_shadow_color=\u00a0\u00bb#000000&Prime; body_text_shadow_style=\u00a0\u00bbpreset3&Prime; body_text_shadow_blur_strength=\u00a0\u00bb0.12em\u00a0\u00bb body_text_shadow_color=\u00a0\u00bb#000000&Prime; border_radii=\u00a0\u00bbon|10px|10px|10px|10px\u00a0\u00bb global_colors_info=\u00a0\u00bb{}\u00a0\u00bb]<\/p>\n<p>La noix de Grenoble <a href=\"https:\/\/www.legrandsechoir.fr\/\" target=\"_blank\" rel=\"noopener\">(cliquez ici)<\/a><\/p>\n<p>[\/et_pb_toggle][\/et_pb_column][\/et_pb_row][et_pb_row column_structure=\u00a0\u00bb1_5,1_5,1_5,1_5,1_5&Prime; use_custom_gutter=\u00a0\u00bbon\u00a0\u00bb gutter_width=\u00a0\u00bb2&Prime; make_equal=\u00a0\u00bbon\u00a0\u00bb _builder_version=\u00a0\u00bb4.21.0&Prime; _module_preset=\u00a0\u00bbdefault\u00a0\u00bb width=\u00a0\u00bb100%\u00a0\u00bb max_width=\u00a0\u00bb100%\u00a0\u00bb custom_padding=\u00a0\u00bb|20px||20px|false|true\u00a0\u00bb global_colors_info=\u00a0\u00bb{}\u00a0\u00bb][et_pb_column type=\u00a0\u00bb1_5&Prime; _builder_version=\u00a0\u00bb4.21.0&Prime; _module_preset=\u00a0\u00bbdefault\u00a0\u00bb global_colors_info=\u00a0\u00bb{}\u00a0\u00bb][et_pb_toggle title=\u00a0\u00bbSaint-Christophe\u00a0\u00bb open_toggle_text_color=\u00a0\u00bb#FFFFFF\u00a0\u00bb _builder_version=\u00a0\u00bb4.21.0&Prime; _module_preset=\u00a0\u00bbdefault\u00a0\u00bb title_text_color=\u00a0\u00bb#FFFFFF\u00a0\u00bb title_font=\u00a0\u00bbComfortaa||||||||\u00a0\u00bb title_font_size=\u00a0\u00bb20px\u00a0\u00bb body_font=\u00a0\u00bbComfortaa||||||||\u00a0\u00bb body_text_color=\u00a0\u00bb#FFFFFF\u00a0\u00bb body_font_size=\u00a0\u00bb16px\u00a0\u00bb use_background_color_gradient=\u00a0\u00bbon\u00a0\u00bb background_color_gradient_direction=\u00a0\u00bb360deg\u00a0\u00bb background_color_gradient_stops=\u00a0\u00bbrgba(0,0,0,0.8) 0%|rgba(41,196,169,0) 99%\u00a0\u00bb background_image=\u00a0\u00bbhttps:\/\/clarissesvoreppe.fr\/wp-content\/uploads\/2023\/05\/saint-christophe-en-oisans-01-1600&#215;900-1.jpg\u00a0\u00bb background_blend=\u00a0\u00bboverlay\u00a0\u00bb custom_padding=\u00a0\u00bb50px||50px||true|\u00a0\u00bb title_text_shadow_style=\u00a0\u00bbpreset3&Prime; title_text_shadow_blur_strength=\u00a0\u00bb0.14em\u00a0\u00bb title_text_shadow_color=\u00a0\u00bb#000000&Prime; body_text_shadow_style=\u00a0\u00bbpreset3&Prime; body_text_shadow_blur_strength=\u00a0\u00bb0.12em\u00a0\u00bb body_text_shadow_color=\u00a0\u00bb#000000&Prime; border_radii=\u00a0\u00bbon|10px|10px|10px|10px\u00a0\u00bb global_colors_info=\u00a0\u00bb{}\u00a0\u00bb]<\/p>\n<p>Saint-Christophe en Oisans, la B\u00e9rarde <a href=\"https:\/\/www.oisans.com\/stations-et-villages\/saint-christophe-oisans-berarde\/\" target=\"_blank\" rel=\"noopener\">(cliquez ici)<\/a><a href=\"https:\/\/www.museearcheologiquelacdepaladru.fr\/\" target=\"_blank\" rel=\"noopener\"><\/a><a href=\"https:\/\/www.parc-du-vercors.fr\/\" target=\"_blank\" rel=\"noopener\"><\/a><a href=\"https:\/\/www.magasins-u.com\/magasin\/superu-voreppe\" target=\"_blank\" rel=\"noopener\"><\/a><\/p>\n<p>[\/et_pb_toggle][\/et_pb_column][et_pb_column type=\u00a0\u00bb1_5&Prime; _builder_version=\u00a0\u00bb4.21.0&Prime; _module_preset=\u00a0\u00bbdefault\u00a0\u00bb global_colors_info=\u00a0\u00bb{}\u00a0\u00bb][et_pb_toggle title=\u00a0\u00bbSanctuaire de la Salette\u00a0\u00bb open_toggle_text_color=\u00a0\u00bb#FFFFFF\u00a0\u00bb _builder_version=\u00a0\u00bb4.21.0&Prime; _module_preset=\u00a0\u00bbdefault\u00a0\u00bb title_text_color=\u00a0\u00bb#FFFFFF\u00a0\u00bb title_font=\u00a0\u00bbComfortaa||||||||\u00a0\u00bb title_font_size=\u00a0\u00bb20px\u00a0\u00bb body_font=\u00a0\u00bbComfortaa||||||||\u00a0\u00bb body_text_color=\u00a0\u00bb#FFFFFF\u00a0\u00bb body_font_size=\u00a0\u00bb16px\u00a0\u00bb use_background_color_gradient=\u00a0\u00bbon\u00a0\u00bb background_color_gradient_direction=\u00a0\u00bb360deg\u00a0\u00bb background_color_gradient_stops=\u00a0\u00bbrgba(0,0,0,0.8) 0%|rgba(41,196,169,0) 99%\u00a0\u00bb background_image=\u00a0\u00bbhttps:\/\/clarissesvoreppe.fr\/wp-content\/uploads\/2023\/05\/Salette-1024&#215;461.jpg\u00a0\u00bb background_blend=\u00a0\u00bboverlay\u00a0\u00bb custom_padding=\u00a0\u00bb50px||50px||true|\u00a0\u00bb hover_enabled=\u00a0\u00bb0&Prime; title_text_shadow_style=\u00a0\u00bbpreset3&Prime; title_text_shadow_blur_strength=\u00a0\u00bb0.14em\u00a0\u00bb title_text_shadow_color=\u00a0\u00bb#000000&Prime; body_text_shadow_style=\u00a0\u00bbpreset3&Prime; body_text_shadow_blur_strength=\u00a0\u00bb0.12em\u00a0\u00bb body_text_shadow_color=\u00a0\u00bb#000000&Prime; border_radii=\u00a0\u00bbon|10px|10px|10px|10px\u00a0\u00bb global_colors_info=\u00a0\u00bb{}\u00a0\u00bb sticky_enabled=\u00a0\u00bb0&Prime;]<\/p>\n<p>Sanctuaire Notre Dame de la Salette <a href=\"https:\/\/lasalette.cef.fr\/\" target=\"_blank\" rel=\"noopener\">(cliquez ici)<\/a><\/p>\n<p>[\/et_pb_toggle][\/et_pb_column][et_pb_column type=\u00a0\u00bb1_5&Prime; _builder_version=\u00a0\u00bb4.21.0&Prime; _module_preset=\u00a0\u00bbdefault\u00a0\u00bb global_colors_info=\u00a0\u00bb{}\u00a0\u00bb][\/et_pb_column][et_pb_column type=\u00a0\u00bb1_5&Prime; _builder_version=\u00a0\u00bb4.21.0&Prime; _module_preset=\u00a0\u00bbdefault\u00a0\u00bb global_colors_info=\u00a0\u00bb{}\u00a0\u00bb][\/et_pb_column][et_pb_column type=\u00a0\u00bb1_5&Prime; _builder_version=\u00a0\u00bb4.21.0&Prime; _module_preset=\u00a0\u00bbdefault\u00a0\u00bb global_colors_info=\u00a0\u00bb{}\u00a0\u00bb][\/et_pb_column][\/et_pb_row][\/et_pb_section][et_pb_section fb_built=\u00a0\u00bb1&Prime; _builder_version=\u00a0\u00bb4.21.0&Prime; _module_preset=\u00a0\u00bbdefault\u00a0\u00bb global_colors_info=\u00a0\u00bb{}\u00a0\u00bb][et_pb_row _builder_version=\u00a0\u00bb4.21.0&Prime; _module_preset=\u00a0\u00bbdefault\u00a0\u00bb global_colors_info=\u00a0\u00bb{}\u00a0\u00bb][et_pb_column type=\u00a0\u00bb4_4&Prime; _builder_version=\u00a0\u00bb4.21.0&Prime; _module_preset=\u00a0\u00bbdefault\u00a0\u00bb global_colors_info=\u00a0\u00bb{}\u00a0\u00bb][et_pb_text _builder_version=\u00a0\u00bb4.21.0&Prime; _module_preset=\u00a0\u00bbdefault\u00a0\u00bb text_font=\u00a0\u00bbComfortaa||||||||\u00a0\u00bb text_text_color=\u00a0\u00bb#000000&Prime; text_font_size=\u00a0\u00bb38px\u00a0\u00bb text_line_height=\u00a0\u00bb1.6em\u00a0\u00bb text_orientation=\u00a0\u00bbcenter\u00a0\u00bb global_colors_info=\u00a0\u00bb{}\u00a0\u00bb]<\/p>\n<p>Les randonn\u00e9es locales<\/p>\n<p>[\/et_pb_text][\/et_pb_column][\/et_pb_row][\/et_pb_section][et_pb_section fb_built=\u00a0\u00bb1&Prime; _builder_version=\u00a0\u00bb4.21.0&Prime; _module_preset=\u00a0\u00bbdefault\u00a0\u00bb custom_margin=\u00a0\u00bb0px||||false|false\u00a0\u00bb custom_padding=\u00a0\u00bb0px||||false|false\u00a0\u00bb global_colors_info=\u00a0\u00bb{}\u00a0\u00bb][et_pb_row _builder_version=\u00a0\u00bb4.21.0&Prime; _module_preset=\u00a0\u00bbdefault\u00a0\u00bb global_colors_info=\u00a0\u00bb{}\u00a0\u00bb][et_pb_column type=\u00a0\u00bb4_4&Prime; _builder_version=\u00a0\u00bb4.21.0&Prime; _module_preset=\u00a0\u00bbdefault\u00a0\u00bb global_colors_info=\u00a0\u00bb{}\u00a0\u00bb][et_pb_image src=\u00a0\u00bbhttps:\/\/clarissesvoreppe.fr\/wp-content\/uploads\/2023\/05\/rando.jpg\u00a0\u00bb title_text=\u00a0\u00bbrando\u00a0\u00bb _builder_version=\u00a0\u00bb4.21.0&Prime; _module_preset=\u00a0\u00bbdefault\u00a0\u00bb global_colors_info=\u00a0\u00bb{}\u00a0\u00bb][\/et_pb_image][\/et_pb_column][\/et_pb_row][et_pb_row column_structure=\u00a0\u00bb1_2,1_2&Prime; _builder_version=\u00a0\u00bb4.21.0&Prime; _module_preset=\u00a0\u00bbdefault\u00a0\u00bb global_colors_info=\u00a0\u00bb{}\u00a0\u00bb][et_pb_column type=\u00a0\u00bb1_2&Prime; _builder_version=\u00a0\u00bb4.21.0&Prime; _module_preset=\u00a0\u00bbdefault\u00a0\u00bb global_colors_info=\u00a0\u00bb{}\u00a0\u00bb][et_pb_text _builder_version=\u00a0\u00bb4.21.0&Prime; _module_preset=\u00a0\u00bbdefault\u00a0\u00bb text_font=\u00a0\u00bbComfortaa||||||||\u00a0\u00bb text_font_size=\u00a0\u00bb22px\u00a0\u00bb global_colors_info=\u00a0\u00bb{}\u00a0\u00bb]<\/p>\n<div>\n<ul>\n<li style=\"text-align: justify;\"><a href=\"https:\/\/www.visorando.com\/index.php?component=rando&amp;task=searchCircuitV2&amp;geolocation=0&amp;minDuration=0&amp;maxDuration=720&amp;minDifficulty=1&amp;maxDifficulty=5&amp;loc=Sentier+des+Clarisses+(38340)%2C+Auvergne-Rh%C3%B4ne-Alpes%2C+France&amp;retourDepart=0&amp;bbox=5.637482892019676%2C5.677531107981849%2C45.28494107888767%2C45.30776390033918\" target=\"_blank\" title=\"https:\/\/www.visorando.com\/index.php?component=rando&amp;task=searchCircuitV2&amp;geolocation=0&amp;minDuration=0&amp;maxDuration=720&amp;minDifficulty=1&amp;maxDifficulty=5&amp;loc=Sentier+des+Clarisses+(38340)%2C+Auvergne-Rh%C3%B4ne-Alpes%2C+France&amp;retourDepart=0&amp;bbox=5.637482892019676%2C5.677531107981849%2C45.28494107888767%2C45.30776390033918\" rel=\"noopener\">Sentiers direction Chalais<\/a><\/li>\n<\/ul>\n<\/div>\n<div style=\"text-align: justify;\">\n<ul>\n<li><a href=\"https:\/\/www.visorando.com\/randonnee-boucle-de-racin\/carte-diagramme.html?mtm_source=Notification&amp;mtm_medium=e-mail&amp;mtm_campaign=Voir+carte+diagramme+V2&amp;mtm_content=Lien+de+t%C3%A9l%C3%A9chargement\" target=\"_blank\" title=\"https:\/\/www.visorando.com\/randonnee-boucle-de-racin\/carte-diagramme.html?mtm_source=Notification&amp;mtm_medium=e-mail&amp;mtm_campaign=Voir+carte+diagramme+V2&amp;mtm_content=Lien+de+t%C3%A9l%C3%A9chargement\" rel=\"noopener\">Boucle de Racin<\/a><\/li>\n<\/ul>\n<\/div>\n<div style=\"text-align: justify;\">\n<ul>\n<li><a href=\"https:\/\/www.visorando.com\/randonnee-tour-de-la-tencon\/carte-diagramme.html\" target=\"_blank\" title=\"https:\/\/www.visorando.com\/randonnee-tour-de-la-tencon\/carte-diagramme.html\" rel=\"noopener\">Tour de la Ten\u00e7on<\/a><\/li>\n<\/ul>\n<\/div>\n<div style=\"text-align: justify;\">\n<ul>\n<li><a href=\"https:\/\/www.visorando.com\/randonnee-le-col-de-tencon\/carte-diagramme.html\" target=\"_blank\" title=\"https:\/\/www.visorando.com\/randonnee-le-col-de-tencon\/carte-diagramme.html\" rel=\"noopener\">Col de Ten\u00e7on<\/a><\/li>\n<\/ul>\n<\/div>\n<div style=\"text-align: justify;\">\n<ul>\n<li><a href=\"https:\/\/www.visorando.com\/randonnee-tour-du-mollard-d-arbon\/carte-diagramme.html\" target=\"_blank\" title=\"https:\/\/www.visorando.com\/randonnee-tour-du-mollard-d-arbon\/carte-diagramme.html\" rel=\"noopener\">Tour du Mollard d&rsquo;Arbon<\/a><\/li>\n<\/ul>\n<\/div>\n<div style=\"text-align: justify;\">\n<ul>\n<li><a href=\"https:\/\/www.visorando.com\/randonnee-le-tour-de-la-roize\/carte-diagramme.html\" target=\"_blank\" title=\"https:\/\/www.visorando.com\/randonnee-le-tour-de-la-roize\/carte-diagramme.html\" rel=\"noopener\">Tour de la Roize<\/a><\/li>\n<\/ul>\n<\/div>\n<div style=\"text-align: justify;\">\n<ul>\n<li><a href=\"https:\/\/www.visorando.com\/randonnee-tour-de-rochebrune-1\/carte-diagramme.html\" target=\"_blank\" title=\"https:\/\/www.visorando.com\/randonnee-tour-de-rochebrune-1\/carte-diagramme.html\" rel=\"noopener\">Tour de Rochebrune<\/a><\/li>\n<\/ul>\n<\/div>\n<ul>\n<li style=\"text-align: justify;\"><a href=\"https:\/\/www.visorando.com\/randonnee-le-chemin-des-mariniers-a-voreppe\/\" target=\"_blank\" title=\"https:\/\/www.visorando.com\/randonnee-le-chemin-des-mariniers-a-voreppe\/\" rel=\"noopener\">Chemin des mariniers<\/a><\/li>\n<\/ul>\n<p>[\/et_pb_text][\/et_pb_column][et_pb_column type=\u00a0\u00bb1_2&Prime; _builder_version=\u00a0\u00bb4.21.0&Prime; _module_preset=\u00a0\u00bbdefault\u00a0\u00bb global_colors_info=\u00a0\u00bb{}\u00a0\u00bb][et_pb_image src=\u00a0\u00bbhttps:\/\/clarissesvoreppe.fr\/wp-content\/uploads\/2023\/05\/IMG_20180802_160809-scaled.jpg\u00a0\u00bb title_text=\u00a0\u00bbedf\u00a0\u00bb _builder_version=\u00a0\u00bb4.21.0&Prime; _module_preset=\u00a0\u00bbdefault\u00a0\u00bb width=\u00a0\u00bb90%\u00a0\u00bb max_width=\u00a0\u00bb90%\u00a0\u00bb module_alignment=\u00a0\u00bbcenter\u00a0\u00bb animation_style=\u00a0\u00bbfold\u00a0\u00bb animation_direction=\u00a0\u00bbright\u00a0\u00bb animation_delay=\u00a0\u00bb100ms\u00a0\u00bb animation_intensity_fold=\u00a0\u00bb49%\u00a0\u00bb border_radii=\u00a0\u00bbon|16px|16px|16px|16px\u00a0\u00bb box_shadow_style=\u00a0\u00bbpreset2&Prime; global_colors_info=\u00a0\u00bb{}\u00a0\u00bb][\/et_pb_image][\/et_pb_column][\/et_pb_row][\/et_pb_section]<\/p>\n","protected":false},"excerpt":{"rendered":"<p>Aux alentours du monast\u00e8reInfos pratiquesSupermarch\u00e9 U \u00e0 proximit\u00e9 (lien vers le magasin)Pharmacie \u00e0 proximit\u00e9 (site de la pharmacie Gifar)Location de v\u00e9hicule (voir site U)Trouver un busParc naturel r\u00e9gional de Chartreuse [&hellip;]<\/p>\n","protected":false},"author":2,"featured_media":0,"parent":0,"menu_order":0,"comment_status":"closed","ping_status":"closed","template":"","meta":{"_et_pb_use_builder":"on","_et_pb_old_content":"","_et_gb_content_width":"","footnotes":""},"class_list":["post-1170","page","type-page","status-publish","hentry"],"yoast_head":"<!-- This site is optimized with the Yoast SEO plugin v27.4 - https:\/\/yoast.com\/product\/yoast-seo-wordpress\/ -->\n<title>Aux alentours - Monast\u00e8re des Clarisses Voreppe<\/title>\n<meta name=\"robots\" content=\"index, follow, max-snippet:-1, max-image-preview:large, max-video-preview:-1\" \/>\n<link rel=\"canonical\" href=\"https:\/\/clarissesvoreppe.fr\/index.php\/aux-alentours\/\" \/>\n<meta property=\"og:locale\" content=\"fr_FR\" \/>\n<meta property=\"og:type\" content=\"article\" \/>\n<meta property=\"og:title\" content=\"Aux alentours - Monast\u00e8re des Clarisses Voreppe\" \/>\n<meta property=\"og:description\" content=\"Aux alentours du monast\u00e8reInfos pratiquesSupermarch\u00e9 U \u00e0 proximit\u00e9 (lien vers le magasin)Pharmacie \u00e0 proximit\u00e9 (site de la pharmacie Gifar)Location de v\u00e9hicule (voir site U)Trouver un busParc naturel r\u00e9gional de Chartreuse [&hellip;]\" \/>\n<meta property=\"og:url\" content=\"https:\/\/clarissesvoreppe.fr\/index.php\/aux-alentours\/\" \/>\n<meta property=\"og:site_name\" content=\"Monast\u00e8re des Clarisses Voreppe\" \/>\n<meta property=\"article:modified_time\" content=\"2023-05-31T13:36:23+00:00\" \/>\n<meta name=\"twitter:card\" content=\"summary_large_image\" \/>\n<meta name=\"twitter:label1\" content=\"Dur\u00e9e de lecture estim\u00e9e\" \/>\n\t<meta name=\"twitter:data1\" content=\"16 minutes\" \/>\n<script type=\"application\/ld+json\" class=\"yoast-schema-graph\">{\"@context\":\"https:\\\/\\\/schema.org\",\"@graph\":[{\"@type\":\"WebPage\",\"@id\":\"https:\\\/\\\/clarissesvoreppe.fr\\\/index.php\\\/aux-alentours\\\/\",\"url\":\"https:\\\/\\\/clarissesvoreppe.fr\\\/index.php\\\/aux-alentours\\\/\",\"name\":\"Aux alentours - Monast\u00e8re des Clarisses Voreppe\",\"isPartOf\":{\"@id\":\"https:\\\/\\\/clarissesvoreppe.fr\\\/#website\"},\"datePublished\":\"2023-02-14T00:45:20+00:00\",\"dateModified\":\"2023-05-31T13:36:23+00:00\",\"breadcrumb\":{\"@id\":\"https:\\\/\\\/clarissesvoreppe.fr\\\/index.php\\\/aux-alentours\\\/#breadcrumb\"},\"inLanguage\":\"fr-FR\",\"potentialAction\":[{\"@type\":\"ReadAction\",\"target\":[\"https:\\\/\\\/clarissesvoreppe.fr\\\/index.php\\\/aux-alentours\\\/\"]}]},{\"@type\":\"BreadcrumbList\",\"@id\":\"https:\\\/\\\/clarissesvoreppe.fr\\\/index.php\\\/aux-alentours\\\/#breadcrumb\",\"itemListElement\":[{\"@type\":\"ListItem\",\"position\":1,\"name\":\"Accueil\",\"item\":\"https:\\\/\\\/clarissesvoreppe.fr\\\/\"},{\"@type\":\"ListItem\",\"position\":2,\"name\":\"Aux alentours\"}]},{\"@type\":\"WebSite\",\"@id\":\"https:\\\/\\\/clarissesvoreppe.fr\\\/#website\",\"url\":\"https:\\\/\\\/clarissesvoreppe.fr\\\/\",\"name\":\"Monast\u00e8re des Clarisses Voreppe\",\"description\":\"Paix et Bien\",\"potentialAction\":[{\"@type\":\"SearchAction\",\"target\":{\"@type\":\"EntryPoint\",\"urlTemplate\":\"https:\\\/\\\/clarissesvoreppe.fr\\\/?s={search_term_string}\"},\"query-input\":{\"@type\":\"PropertyValueSpecification\",\"valueRequired\":true,\"valueName\":\"search_term_string\"}}],\"inLanguage\":\"fr-FR\"}]}<\/script>\n<!-- \/ Yoast SEO plugin. -->","yoast_head_json":{"title":"Aux alentours - Monast\u00e8re des Clarisses Voreppe","robots":{"index":"index","follow":"follow","max-snippet":"max-snippet:-1","max-image-preview":"max-image-preview:large","max-video-preview":"max-video-preview:-1"},"canonical":"https:\/\/clarissesvoreppe.fr\/index.php\/aux-alentours\/","og_locale":"fr_FR","og_type":"article","og_title":"Aux alentours - Monast\u00e8re des Clarisses Voreppe","og_description":"Aux alentours du monast\u00e8reInfos pratiquesSupermarch\u00e9 U \u00e0 proximit\u00e9 (lien vers le magasin)Pharmacie \u00e0 proximit\u00e9 (site de la pharmacie Gifar)Location de v\u00e9hicule (voir site U)Trouver un busParc naturel r\u00e9gional de Chartreuse [&hellip;]","og_url":"https:\/\/clarissesvoreppe.fr\/index.php\/aux-alentours\/","og_site_name":"Monast\u00e8re des Clarisses Voreppe","article_modified_time":"2023-05-31T13:36:23+00:00","twitter_card":"summary_large_image","twitter_misc":{"Dur\u00e9e de lecture estim\u00e9e":"16 minutes"},"schema":{"@context":"https:\/\/schema.org","@graph":[{"@type":"WebPage","@id":"https:\/\/clarissesvoreppe.fr\/index.php\/aux-alentours\/","url":"https:\/\/clarissesvoreppe.fr\/index.php\/aux-alentours\/","name":"Aux alentours - Monast\u00e8re des Clarisses Voreppe","isPartOf":{"@id":"https:\/\/clarissesvoreppe.fr\/#website"},"datePublished":"2023-02-14T00:45:20+00:00","dateModified":"2023-05-31T13:36:23+00:00","breadcrumb":{"@id":"https:\/\/clarissesvoreppe.fr\/index.php\/aux-alentours\/#breadcrumb"},"inLanguage":"fr-FR","potentialAction":[{"@type":"ReadAction","target":["https:\/\/clarissesvoreppe.fr\/index.php\/aux-alentours\/"]}]},{"@type":"BreadcrumbList","@id":"https:\/\/clarissesvoreppe.fr\/index.php\/aux-alentours\/#breadcrumb","itemListElement":[{"@type":"ListItem","position":1,"name":"Accueil","item":"https:\/\/clarissesvoreppe.fr\/"},{"@type":"ListItem","position":2,"name":"Aux alentours"}]},{"@type":"WebSite","@id":"https:\/\/clarissesvoreppe.fr\/#website","url":"https:\/\/clarissesvoreppe.fr\/","name":"Monast\u00e8re des Clarisses Voreppe","description":"Paix et Bien","potentialAction":[{"@type":"SearchAction","target":{"@type":"EntryPoint","urlTemplate":"https:\/\/clarissesvoreppe.fr\/?s={search_term_string}"},"query-input":{"@type":"PropertyValueSpecification","valueRequired":true,"valueName":"search_term_string"}}],"inLanguage":"fr-FR"}]}},"_links":{"self":[{"href":"https:\/\/clarissesvoreppe.fr\/index.php\/wp-json\/wp\/v2\/pages\/1170","targetHints":{"allow":["GET"]}}],"collection":[{"href":"https:\/\/clarissesvoreppe.fr\/index.php\/wp-json\/wp\/v2\/pages"}],"about":[{"href":"https:\/\/clarissesvoreppe.fr\/index.php\/wp-json\/wp\/v2\/types\/page"}],"author":[{"embeddable":true,"href":"https:\/\/clarissesvoreppe.fr\/index.php\/wp-json\/wp\/v2\/users\/2"}],"replies":[{"embeddable":true,"href":"https:\/\/clarissesvoreppe.fr\/index.php\/wp-json\/wp\/v2\/comments?post=1170"}],"version-history":[{"count":25,"href":"https:\/\/clarissesvoreppe.fr\/index.php\/wp-json\/wp\/v2\/pages\/1170\/revisions"}],"predecessor-version":[{"id":1597,"href":"https:\/\/clarissesvoreppe.fr\/index.php\/wp-json\/wp\/v2\/pages\/1170\/revisions\/1597"}],"wp:attachment":[{"href":"https:\/\/clarissesvoreppe.fr\/index.php\/wp-json\/wp\/v2\/media?parent=1170"}],"curies":[{"name":"wp","href":"https:\/\/api.w.org\/{rel}","templated":true}]}}