{"id":1650,"date":"2023-06-07T16:24:59","date_gmt":"2023-06-07T14:24:59","guid":{"rendered":"https:\/\/clarissesvoreppe.fr\/?page_id=1650"},"modified":"2025-03-23T17:08:28","modified_gmt":"2025-03-23T16:08:28","slug":"sainte-claire","status":"publish","type":"page","link":"https:\/\/clarissesvoreppe.fr\/index.php\/sainte-claire\/","title":{"rendered":"Sainte Claire"},"content":{"rendered":"<p>[et_pb_section fb_built=\u00a0\u00bb1&Prime; next_background_color=\u00a0\u00bb#ffffff\u00a0\u00bb _builder_version=\u00a0\u00bb4.21.0&Prime; _module_preset=\u00a0\u00bbdefault\u00a0\u00bb use_background_color_gradient=\u00a0\u00bbon\u00a0\u00bb background_color_gradient_direction=\u00a0\u00bb177deg\u00a0\u00bb background_color_gradient_stops=\u00a0\u00bb#1e0d00 0%|rgba(41,196,169,0) 42%\u00a0\u00bb background_image=\u00a0\u00bbhttps:\/\/clarissesvoreppe.fr\/wp-content\/uploads\/2023\/06\/Assise-017_Chapittre-des-Nattes-123-scaled.jpg\u00a0\u00bb background_position=\u00a0\u00bbtop_center\u00a0\u00bb background_vertical_offset=\u00a0\u00bb62%\u00a0\u00bb background_blend=\u00a0\u00bboverlay\u00a0\u00bb module_alignment=\u00a0\u00bbright\u00a0\u00bb min_height=\u00a0\u00bb468.2px\u00a0\u00bb custom_margin=\u00a0\u00bb0px||0px||true|false\u00a0\u00bb custom_padding=\u00a0\u00bb93px||93px||true|false\u00a0\u00bb bottom_divider_style=\u00a0\u00bbclouds2&Prime; bottom_divider_flip=\u00a0\u00bbvertical\u00a0\u00bb locked=\u00a0\u00bboff\u00a0\u00bb global_colors_info=\u00a0\u00bb{}\u00a0\u00bb][et_pb_row column_structure=\u00a0\u00bb1_3,1_3,1_3&Prime; use_custom_gutter=\u00a0\u00bbon\u00a0\u00bb gutter_width=\u00a0\u00bb1&Prime; _builder_version=\u00a0\u00bb4.19.0&Prime; _module_preset=\u00a0\u00bbdefault\u00a0\u00bb width=\u00a0\u00bb100%\u00a0\u00bb max_width=\u00a0\u00bb100%\u00a0\u00bb custom_margin=\u00a0\u00bb0px||0px||true|false\u00a0\u00bb custom_padding=\u00a0\u00bb0px||0px||true|false\u00a0\u00bb global_colors_info=\u00a0\u00bb{}\u00a0\u00bb][et_pb_column type=\u00a0\u00bb1_3&Prime; _builder_version=\u00a0\u00bb4.19.0&Prime; _module_preset=\u00a0\u00bbdefault\u00a0\u00bb global_colors_info=\u00a0\u00bb{}\u00a0\u00bb][\/et_pb_column][et_pb_column type=\u00a0\u00bb1_3&Prime; _builder_version=\u00a0\u00bb4.19.0&Prime; _module_preset=\u00a0\u00bbdefault\u00a0\u00bb global_colors_info=\u00a0\u00bb{}\u00a0\u00bb][\/et_pb_column][et_pb_column type=\u00a0\u00bb1_3&Prime; _builder_version=\u00a0\u00bb4.19.0&Prime; _module_preset=\u00a0\u00bbdefault\u00a0\u00bb global_colors_info=\u00a0\u00bb{}\u00a0\u00bb][\/et_pb_column][\/et_pb_row][et_pb_row _builder_version=\u00a0\u00bb4.16&Prime; custom_margin=\u00a0\u00bb|||\u00a0\u00bb locked=\u00a0\u00bboff\u00a0\u00bb global_colors_info=\u00a0\u00bb{}\u00a0\u00bb][et_pb_column type=\u00a0\u00bb4_4&Prime; _builder_version=\u00a0\u00bb4.16&Prime; custom_padding=\u00a0\u00bb|||\u00a0\u00bb global_colors_info=\u00a0\u00bb{}\u00a0\u00bb custom_padding__hover=\u00a0\u00bb|||\u00a0\u00bb][et_pb_text _builder_version=\u00a0\u00bb4.20.0&Prime; text_font=\u00a0\u00bbComfortaa|300|||||||\u00a0\u00bb text_font_size=\u00a0\u00bb42px\u00a0\u00bb text_line_height=\u00a0\u00bb1.8em\u00a0\u00bb header_font=\u00a0\u00bb|800||on|||||\u00a0\u00bb header_font_size=\u00a0\u00bb68px\u00a0\u00bb header_line_height=\u00a0\u00bb1.4em\u00a0\u00bb background_layout=\u00a0\u00bbdark\u00a0\u00bb max_width=\u00a0\u00bb700px\u00a0\u00bb min_height=\u00a0\u00bb100%\u00a0\u00bb custom_margin=\u00a0\u00bb39px||39px||true|false\u00a0\u00bb custom_padding=\u00a0\u00bb40px||40px||true|false\u00a0\u00bb text_font_size_tablet=\u00a0\u00bb\u00a0\u00bb text_font_size_phone=\u00a0\u00bb28px\u00a0\u00bb text_font_size_last_edited=\u00a0\u00bbon|phone\u00a0\u00bb header_font_size_tablet=\u00a0\u00bb44px\u00a0\u00bb header_font_size_phone=\u00a0\u00bb24px\u00a0\u00bb header_font_size_last_edited=\u00a0\u00bbon|desktop\u00a0\u00bb header_line_height_tablet=\u00a0\u00bb1.4em\u00a0\u00bb header_line_height_phone=\u00a0\u00bb1.4em\u00a0\u00bb header_line_height_last_edited=\u00a0\u00bbon|desktop\u00a0\u00bb filter_hue_rotate_tablet=\u00a0\u00bb\u00a0\u00bb filter_hue_rotate_phone=\u00a0\u00bb292deg\u00a0\u00bb filter_hue_rotate_last_edited=\u00a0\u00bbon|phone\u00a0\u00bb filter_saturate_tablet=\u00a0\u00bb\u00a0\u00bb filter_saturate_phone=\u00a0\u00bb166%\u00a0\u00bb filter_saturate_last_edited=\u00a0\u00bbon|phone\u00a0\u00bb filter_brightness_tablet=\u00a0\u00bb\u00a0\u00bb filter_brightness_phone=\u00a0\u00bb132%\u00a0\u00bb filter_brightness_last_edited=\u00a0\u00bbon|phone\u00a0\u00bb filter_opacity_tablet=\u00a0\u00bb\u00a0\u00bb filter_opacity_phone=\u00a0\u00bb100%\u00a0\u00bb filter_opacity_last_edited=\u00a0\u00bbon|phone\u00a0\u00bb text_text_shadow_style=\u00a0\u00bbpreset3&Prime; text_text_shadow_blur_strength=\u00a0\u00bb0.08em\u00a0\u00bb text_text_shadow_color=\u00a0\u00bb#000000&Prime; global_colors_info=\u00a0\u00bb{}\u00a0\u00bb content__hover_enabled=\u00a0\u00bboff|desktop\u00a0\u00bb custom_padding__hover_enabled=\u00a0\u00bboff|desktop\u00a0\u00bb]<\/p>\n<p>Sainte Claire<\/p>\n<p>[\/et_pb_text][\/et_pb_column][\/et_pb_row][\/et_pb_section][et_pb_section fb_built=\u00a0\u00bb1&Prime; _builder_version=\u00a0\u00bb4.21.0&Prime; _module_preset=\u00a0\u00bbdefault\u00a0\u00bb global_colors_info=\u00a0\u00bb{}\u00a0\u00bb][et_pb_row _builder_version=\u00a0\u00bb4.21.0&Prime; _module_preset=\u00a0\u00bbdefault\u00a0\u00bb global_colors_info=\u00a0\u00bb{}\u00a0\u00bb][et_pb_column type=\u00a0\u00bb4_4&Prime; _builder_version=\u00a0\u00bb4.21.0&Prime; _module_preset=\u00a0\u00bbdefault\u00a0\u00bb global_colors_info=\u00a0\u00bb{}\u00a0\u00bb][et_pb_text _builder_version=\u00a0\u00bb4.21.0&Prime; _module_preset=\u00a0\u00bbdefault\u00a0\u00bb text_font=\u00a0\u00bbComfortaa||||||||\u00a0\u00bb global_colors_info=\u00a0\u00bb{}\u00a0\u00bb]<\/p>\n<h2>Qui \u00e9tait Sainte Claire ?<\/h2>\n<p>[\/et_pb_text][et_pb_text _builder_version=\u00a0\u00bb4.27.4&Prime; _module_preset=\u00a0\u00bbdefault\u00a0\u00bb text_font=\u00a0\u00bbComfortaa||||||||\u00a0\u00bb hover_enabled=\u00a0\u00bb0&Prime; global_colors_info=\u00a0\u00bb{}\u00a0\u00bb sticky_enabled=\u00a0\u00bb0&Prime;]<\/p>\n<ul>\n<li>1193 naissance de Claire<\/li>\n<li>1210 pr\u00e9dication de Fran\u00e7ois \u00e0 Assise<\/li>\n<li>1212 v\u00eature de Claire \u00e0 la Portioncule<\/li>\n<li>1212 apr\u00e8s deux monast\u00e8re, Claire est \u00e9tablie \u00e0 Saint Damien<\/li>\n<li>1215 Fran\u00e7ois impose \u00e0 Claire le titre d&rsquo;Abbesse<\/li>\n<li>1234 1\u00e8re lettre \u00e0 Agn\u00e8s de Prague<\/li>\n<li>1252 4\u00e8me lettre \u00e0 Agn\u00e8s de Prague<\/li>\n<li>1253 9 ao\u00fbt approbation de la r\u00e8gle de Claire<\/li>\n<li>1253 11 ao\u00fbt mort de Claire<\/li>\n<li>1255 canonisation de Claire<\/li>\n<\/ul>\n<p>[\/et_pb_text][\/et_pb_column][\/et_pb_row][et_pb_row column_structure=\u00a0\u00bb1_3,1_3,1_3&Prime; _builder_version=\u00a0\u00bb4.27.4&Prime; _module_preset=\u00a0\u00bbdefault\u00a0\u00bb global_colors_info=\u00a0\u00bb{}\u00a0\u00bb][et_pb_column type=\u00a0\u00bb1_3&Prime; _builder_version=\u00a0\u00bb4.27.4&Prime; _module_preset=\u00a0\u00bbdefault\u00a0\u00bb global_colors_info=\u00a0\u00bb{}\u00a0\u00bb][\/et_pb_column][et_pb_column type=\u00a0\u00bb1_3&Prime; _builder_version=\u00a0\u00bb4.27.4&Prime; _module_preset=\u00a0\u00bbdefault\u00a0\u00bb global_colors_info=\u00a0\u00bb{}\u00a0\u00bb][\/et_pb_column][et_pb_column type=\u00a0\u00bb1_3&Prime; _builder_version=\u00a0\u00bb4.27.4&Prime; _module_preset=\u00a0\u00bbdefault\u00a0\u00bb global_colors_info=\u00a0\u00bb{}\u00a0\u00bb][\/et_pb_column][\/et_pb_row][\/et_pb_section][et_pb_section fb_built=\u00a0\u00bb1&Prime; prev_background_color=\u00a0\u00bb#ffffff\u00a0\u00bb _builder_version=\u00a0\u00bb4.19.5&Prime; _module_preset=\u00a0\u00bbdefault\u00a0\u00bb use_background_color_gradient=\u00a0\u00bbon\u00a0\u00bb background_color_gradient_stops=\u00a0\u00bbrgba(52,155,239,0.7) 0%|rgba(7,173,239,0) 100%\u00a0\u00bb top_divider_style=\u00a0\u00bbclouds2&Prime; locked=\u00a0\u00bboff\u00a0\u00bb global_colors_info=\u00a0\u00bb{}\u00a0\u00bb][et_pb_row _builder_version=\u00a0\u00bb4.19.5&Prime; _module_preset=\u00a0\u00bbdefault\u00a0\u00bb global_colors_info=\u00a0\u00bb{}\u00a0\u00bb][et_pb_column type=\u00a0\u00bb4_4&Prime; _builder_version=\u00a0\u00bb4.19.5&Prime; _module_preset=\u00a0\u00bbdefault\u00a0\u00bb global_colors_info=\u00a0\u00bb{}\u00a0\u00bb][et_pb_text _builder_version=\u00a0\u00bb4.21.0&Prime; _module_preset=\u00a0\u00bbdefault\u00a0\u00bb text_font=\u00a0\u00bbComfortaa||||||||\u00a0\u00bb text_text_color=\u00a0\u00bb#000000&Prime; text_font_size=\u00a0\u00bb34px\u00a0\u00bb text_line_height=\u00a0\u00bb1.4em\u00a0\u00bb text_orientation=\u00a0\u00bbcenter\u00a0\u00bb custom_margin=\u00a0\u00bb46px||46px||true|false\u00a0\u00bb global_colors_info=\u00a0\u00bb{}\u00a0\u00bb]<\/p>\n<p>Les articles des soeurs clarisses \u00e0 propos de Sainte Claire<\/p>\n<p>[\/et_pb_text][et_pb_blog fullwidth=\u00a0\u00bboff\u00a0\u00bb posts_number=\u00a0\u00bb3&Prime; include_categories=\u00a0\u00bb27&Prime; excerpt_length=\u00a0\u00bb100&Prime; show_author=\u00a0\u00bboff\u00a0\u00bb show_date=\u00a0\u00bboff\u00a0\u00bb show_categories=\u00a0\u00bboff\u00a0\u00bb use_overlay=\u00a0\u00bbon\u00a0\u00bb overlay_icon_color=\u00a0\u00bbRGBA(255,255,255,0)\u00a0\u00bb _builder_version=\u00a0\u00bb4.21.0&Prime; _module_preset=\u00a0\u00bbdefault\u00a0\u00bb header_font=\u00a0\u00bbComfortaa||||||||\u00a0\u00bb body_font=\u00a0\u00bbComfortaa||||||||\u00a0\u00bb meta_font=\u00a0\u00bbComfortaa||||||||\u00a0\u00bb background_enable_color=\u00a0\u00bboff\u00a0\u00bb animation_style=\u00a0\u00bbzoom\u00a0\u00bb border_radii=\u00a0\u00bbon|10px|10px|10px|10px\u00a0\u00bb border_radii_image=\u00a0\u00bboff|10px|10px||\u00a0\u00bb global_colors_info=\u00a0\u00bb{}\u00a0\u00bb width__hover_enabled=\u00a0\u00bbon|hover\u00a0\u00bb][\/et_pb_blog][et_pb_button button_url=\u00a0\u00bbhttps:\/\/clarissesvoreppe.fr\/index.php\/category\/sainte-claire\/\u00a0\u00bb button_text=\u00a0\u00bbVoir tous les articles\u00a0\u00bb button_alignment=\u00a0\u00bbcenter\u00a0\u00bb _builder_version=\u00a0\u00bb4.21.0&Prime; _module_preset=\u00a0\u00bbdefault\u00a0\u00bb custom_button=\u00a0\u00bbon\u00a0\u00bb button_font=\u00a0\u00bbComfortaa||||||||\u00a0\u00bb global_colors_info=\u00a0\u00bb{}\u00a0\u00bb][\/et_pb_button][\/et_pb_column][\/et_pb_row][\/et_pb_section][et_pb_section fb_built=\u00a0\u00bb1&Prime; _builder_version=\u00a0\u00bb4.21.0&Prime; _module_preset=\u00a0\u00bbdefault\u00a0\u00bb global_colors_info=\u00a0\u00bb{}\u00a0\u00bb][\/et_pb_section]<\/p>\n","protected":false},"excerpt":{"rendered":"<p>Sainte ClaireQui \u00e9tait Sainte Claire ? 1193 naissance de Claire 1210 pr\u00e9dication de Fran\u00e7ois \u00e0 Assise 1212 v\u00eature de Claire \u00e0 la Portioncule 1212 apr\u00e8s deux monast\u00e8re, Claire est \u00e9tablie [&hellip;]<\/p>\n","protected":false},"author":1,"featured_media":0,"parent":0,"menu_order":0,"comment_status":"closed","ping_status":"closed","template":"","meta":{"_et_pb_use_builder":"on","_et_pb_old_content":"<!-- wp:divi\/placeholder \/-->","_et_gb_content_width":"","footnotes":""},"class_list":["post-1650","page","type-page","status-publish","hentry"],"yoast_head":"<!-- This site is optimized with the Yoast SEO plugin v27.4 - https:\/\/yoast.com\/product\/yoast-seo-wordpress\/ -->\n<title>Sainte Claire - Monast\u00e8re des Clarisses Voreppe<\/title>\n<meta name=\"robots\" content=\"index, follow, max-snippet:-1, max-image-preview:large, max-video-preview:-1\" \/>\n<link rel=\"canonical\" href=\"https:\/\/clarissesvoreppe.fr\/index.php\/sainte-claire\/\" \/>\n<meta property=\"og:locale\" content=\"fr_FR\" \/>\n<meta property=\"og:type\" content=\"article\" \/>\n<meta property=\"og:title\" content=\"Sainte Claire - Monast\u00e8re des Clarisses Voreppe\" \/>\n<meta property=\"og:description\" content=\"Sainte ClaireQui \u00e9tait Sainte Claire ? 1193 naissance de Claire 1210 pr\u00e9dication de Fran\u00e7ois \u00e0 Assise 1212 v\u00eature de Claire \u00e0 la Portioncule 1212 apr\u00e8s deux monast\u00e8re, Claire est \u00e9tablie [&hellip;]\" \/>\n<meta property=\"og:url\" content=\"https:\/\/clarissesvoreppe.fr\/index.php\/sainte-claire\/\" \/>\n<meta property=\"og:site_name\" content=\"Monast\u00e8re des Clarisses Voreppe\" \/>\n<meta property=\"article:modified_time\" content=\"2025-03-23T16:08:28+00:00\" \/>\n<meta name=\"twitter:card\" content=\"summary_large_image\" \/>\n<meta name=\"twitter:label1\" content=\"Dur\u00e9e de lecture estim\u00e9e\" \/>\n\t<meta name=\"twitter:data1\" content=\"4 minutes\" \/>\n<script type=\"application\/ld+json\" class=\"yoast-schema-graph\">{\"@context\":\"https:\\\/\\\/schema.org\",\"@graph\":[{\"@type\":\"WebPage\",\"@id\":\"https:\\\/\\\/clarissesvoreppe.fr\\\/index.php\\\/sainte-claire\\\/\",\"url\":\"https:\\\/\\\/clarissesvoreppe.fr\\\/index.php\\\/sainte-claire\\\/\",\"name\":\"Sainte Claire - Monast\u00e8re des Clarisses Voreppe\",\"isPartOf\":{\"@id\":\"https:\\\/\\\/clarissesvoreppe.fr\\\/#website\"},\"datePublished\":\"2023-06-07T14:24:59+00:00\",\"dateModified\":\"2025-03-23T16:08:28+00:00\",\"breadcrumb\":{\"@id\":\"https:\\\/\\\/clarissesvoreppe.fr\\\/index.php\\\/sainte-claire\\\/#breadcrumb\"},\"inLanguage\":\"fr-FR\",\"potentialAction\":[{\"@type\":\"ReadAction\",\"target\":[\"https:\\\/\\\/clarissesvoreppe.fr\\\/index.php\\\/sainte-claire\\\/\"]}]},{\"@type\":\"BreadcrumbList\",\"@id\":\"https:\\\/\\\/clarissesvoreppe.fr\\\/index.php\\\/sainte-claire\\\/#breadcrumb\",\"itemListElement\":[{\"@type\":\"ListItem\",\"position\":1,\"name\":\"Accueil\",\"item\":\"https:\\\/\\\/clarissesvoreppe.fr\\\/\"},{\"@type\":\"ListItem\",\"position\":2,\"name\":\"Sainte Claire\"}]},{\"@type\":\"WebSite\",\"@id\":\"https:\\\/\\\/clarissesvoreppe.fr\\\/#website\",\"url\":\"https:\\\/\\\/clarissesvoreppe.fr\\\/\",\"name\":\"Monast\u00e8re des Clarisses Voreppe\",\"description\":\"Paix et Bien\",\"potentialAction\":[{\"@type\":\"SearchAction\",\"target\":{\"@type\":\"EntryPoint\",\"urlTemplate\":\"https:\\\/\\\/clarissesvoreppe.fr\\\/?s={search_term_string}\"},\"query-input\":{\"@type\":\"PropertyValueSpecification\",\"valueRequired\":true,\"valueName\":\"search_term_string\"}}],\"inLanguage\":\"fr-FR\"}]}<\/script>\n<!-- \/ Yoast SEO plugin. -->","yoast_head_json":{"title":"Sainte Claire - Monast\u00e8re des Clarisses Voreppe","robots":{"index":"index","follow":"follow","max-snippet":"max-snippet:-1","max-image-preview":"max-image-preview:large","max-video-preview":"max-video-preview:-1"},"canonical":"https:\/\/clarissesvoreppe.fr\/index.php\/sainte-claire\/","og_locale":"fr_FR","og_type":"article","og_title":"Sainte Claire - Monast\u00e8re des Clarisses Voreppe","og_description":"Sainte ClaireQui \u00e9tait Sainte Claire ? 1193 naissance de Claire 1210 pr\u00e9dication de Fran\u00e7ois \u00e0 Assise 1212 v\u00eature de Claire \u00e0 la Portioncule 1212 apr\u00e8s deux monast\u00e8re, Claire est \u00e9tablie [&hellip;]","og_url":"https:\/\/clarissesvoreppe.fr\/index.php\/sainte-claire\/","og_site_name":"Monast\u00e8re des Clarisses Voreppe","article_modified_time":"2025-03-23T16:08:28+00:00","twitter_card":"summary_large_image","twitter_misc":{"Dur\u00e9e de lecture estim\u00e9e":"4 minutes"},"schema":{"@context":"https:\/\/schema.org","@graph":[{"@type":"WebPage","@id":"https:\/\/clarissesvoreppe.fr\/index.php\/sainte-claire\/","url":"https:\/\/clarissesvoreppe.fr\/index.php\/sainte-claire\/","name":"Sainte Claire - Monast\u00e8re des Clarisses Voreppe","isPartOf":{"@id":"https:\/\/clarissesvoreppe.fr\/#website"},"datePublished":"2023-06-07T14:24:59+00:00","dateModified":"2025-03-23T16:08:28+00:00","breadcrumb":{"@id":"https:\/\/clarissesvoreppe.fr\/index.php\/sainte-claire\/#breadcrumb"},"inLanguage":"fr-FR","potentialAction":[{"@type":"ReadAction","target":["https:\/\/clarissesvoreppe.fr\/index.php\/sainte-claire\/"]}]},{"@type":"BreadcrumbList","@id":"https:\/\/clarissesvoreppe.fr\/index.php\/sainte-claire\/#breadcrumb","itemListElement":[{"@type":"ListItem","position":1,"name":"Accueil","item":"https:\/\/clarissesvoreppe.fr\/"},{"@type":"ListItem","position":2,"name":"Sainte Claire"}]},{"@type":"WebSite","@id":"https:\/\/clarissesvoreppe.fr\/#website","url":"https:\/\/clarissesvoreppe.fr\/","name":"Monast\u00e8re des Clarisses Voreppe","description":"Paix et Bien","potentialAction":[{"@type":"SearchAction","target":{"@type":"EntryPoint","urlTemplate":"https:\/\/clarissesvoreppe.fr\/?s={search_term_string}"},"query-input":{"@type":"PropertyValueSpecification","valueRequired":true,"valueName":"search_term_string"}}],"inLanguage":"fr-FR"}]}},"_links":{"self":[{"href":"https:\/\/clarissesvoreppe.fr\/index.php\/wp-json\/wp\/v2\/pages\/1650","targetHints":{"allow":["GET"]}}],"collection":[{"href":"https:\/\/clarissesvoreppe.fr\/index.php\/wp-json\/wp\/v2\/pages"}],"about":[{"href":"https:\/\/clarissesvoreppe.fr\/index.php\/wp-json\/wp\/v2\/types\/page"}],"author":[{"embeddable":true,"href":"https:\/\/clarissesvoreppe.fr\/index.php\/wp-json\/wp\/v2\/users\/1"}],"replies":[{"embeddable":true,"href":"https:\/\/clarissesvoreppe.fr\/index.php\/wp-json\/wp\/v2\/comments?post=1650"}],"version-history":[{"count":12,"href":"https:\/\/clarissesvoreppe.fr\/index.php\/wp-json\/wp\/v2\/pages\/1650\/revisions"}],"predecessor-version":[{"id":1852,"href":"https:\/\/clarissesvoreppe.fr\/index.php\/wp-json\/wp\/v2\/pages\/1650\/revisions\/1852"}],"wp:attachment":[{"href":"https:\/\/clarissesvoreppe.fr\/index.php\/wp-json\/wp\/v2\/media?parent=1650"}],"curies":[{"name":"wp","href":"https:\/\/api.w.org\/{rel}","templated":true}]}}