{"id":940,"date":"2023-01-27T22:13:56","date_gmt":"2023-01-27T21:13:56","guid":{"rendered":"https:\/\/clarissesvoreppe.fr\/?page_id=940"},"modified":"2024-01-04T16:42:30","modified_gmt":"2024-01-04T15:42:30","slug":"histoire-monastere-clarisses-isere","status":"publish","type":"page","link":"https:\/\/clarissesvoreppe.fr\/index.php\/histoire-monastere-clarisses-isere\/","title":{"rendered":"Le monast\u00e8re"},"content":{"rendered":"\n[et_pb_section fb_built=\u00a0\u00bb1&Prime; next_background_color=\u00a0\u00bb#ffffff\u00a0\u00bb _builder_version=\u00a0\u00bb4.19.5&Prime; _module_preset=\u00a0\u00bbdefault\u00a0\u00bb use_background_color_gradient=\u00a0\u00bbon\u00a0\u00bb background_color_gradient_direction=\u00a0\u00bb177deg\u00a0\u00bb background_color_gradient_stops=\u00a0\u00bb#1e0d00 0%|rgba(41,196,169,0) 42%\u00a0\u00bb background_image=\u00a0\u00bbhttps:\/\/clarissesvoreppe.fr\/wp-content\/uploads\/2023\/01\/P1010622-scaled.jpg\u00a0\u00bb background_position=\u00a0\u00bbtop_center\u00a0\u00bb background_vertical_offset=\u00a0\u00bb62%\u00a0\u00bb background_blend=\u00a0\u00bboverlay\u00a0\u00bb module_alignment=\u00a0\u00bbright\u00a0\u00bb min_height=\u00a0\u00bb468.2px\u00a0\u00bb custom_margin=\u00a0\u00bb0px||0px||true|false\u00a0\u00bb custom_padding=\u00a0\u00bb93px||93px||true|false\u00a0\u00bb bottom_divider_style=\u00a0\u00bbclouds2&Prime; bottom_divider_flip=\u00a0\u00bbvertical\u00a0\u00bb locked=\u00a0\u00bboff\u00a0\u00bb global_colors_info=\u00a0\u00bb{}\u00a0\u00bb][et_pb_row column_structure=\u00a0\u00bb1_3,1_3,1_3&Prime; use_custom_gutter=\u00a0\u00bbon\u00a0\u00bb gutter_width=\u00a0\u00bb1&Prime; _builder_version=\u00a0\u00bb4.19.0&Prime; _module_preset=\u00a0\u00bbdefault\u00a0\u00bb width=\u00a0\u00bb100%\u00a0\u00bb max_width=\u00a0\u00bb100%\u00a0\u00bb custom_margin=\u00a0\u00bb0px||0px||true|false\u00a0\u00bb custom_padding=\u00a0\u00bb0px||0px||true|false\u00a0\u00bb global_colors_info=\u00a0\u00bb{}\u00a0\u00bb][et_pb_column type=\u00a0\u00bb1_3&Prime; _builder_version=\u00a0\u00bb4.19.0&Prime; _module_preset=\u00a0\u00bbdefault\u00a0\u00bb global_colors_info=\u00a0\u00bb{}\u00a0\u00bb][\/et_pb_column][et_pb_column type=\u00a0\u00bb1_3&Prime; _builder_version=\u00a0\u00bb4.19.0&Prime; _module_preset=\u00a0\u00bbdefault\u00a0\u00bb global_colors_info=\u00a0\u00bb{}\u00a0\u00bb][\/et_pb_column][et_pb_column type=\u00a0\u00bb1_3&Prime; _builder_version=\u00a0\u00bb4.19.0&Prime; _module_preset=\u00a0\u00bbdefault\u00a0\u00bb global_colors_info=\u00a0\u00bb{}\u00a0\u00bb][\/et_pb_column][\/et_pb_row][et_pb_row _builder_version=\u00a0\u00bb4.16&Prime; custom_margin=\u00a0\u00bb|||\u00a0\u00bb locked=\u00a0\u00bboff\u00a0\u00bb global_colors_info=\u00a0\u00bb{}\u00a0\u00bb][et_pb_column type=\u00a0\u00bb4_4&Prime; _builder_version=\u00a0\u00bb4.16&Prime; custom_padding=\u00a0\u00bb|||\u00a0\u00bb global_colors_info=\u00a0\u00bb{}\u00a0\u00bb custom_padding__hover=\u00a0\u00bb|||\u00a0\u00bb][et_pb_text _builder_version=\u00a0\u00bb4.20.0&Prime; text_font=\u00a0\u00bbComfortaa|300|||||||\u00a0\u00bb text_font_size=\u00a0\u00bb42px\u00a0\u00bb text_line_height=\u00a0\u00bb1.8em\u00a0\u00bb header_font=\u00a0\u00bb|800||on|||||\u00a0\u00bb header_font_size=\u00a0\u00bb68px\u00a0\u00bb header_line_height=\u00a0\u00bb1.4em\u00a0\u00bb background_layout=\u00a0\u00bbdark\u00a0\u00bb max_width=\u00a0\u00bb700px\u00a0\u00bb min_height=\u00a0\u00bb100%\u00a0\u00bb custom_margin=\u00a0\u00bb39px||39px||true|false\u00a0\u00bb custom_padding=\u00a0\u00bb40px||40px||true|false\u00a0\u00bb text_font_size_tablet=\u00a0\u00bb\u00a0\u00bb text_font_size_phone=\u00a0\u00bb28px\u00a0\u00bb text_font_size_last_edited=\u00a0\u00bbon|phone\u00a0\u00bb header_font_size_tablet=\u00a0\u00bb44px\u00a0\u00bb header_font_size_phone=\u00a0\u00bb24px\u00a0\u00bb header_font_size_last_edited=\u00a0\u00bbon|desktop\u00a0\u00bb header_line_height_tablet=\u00a0\u00bb1.4em\u00a0\u00bb header_line_height_phone=\u00a0\u00bb1.4em\u00a0\u00bb header_line_height_last_edited=\u00a0\u00bbon|desktop\u00a0\u00bb filter_hue_rotate_tablet=\u00a0\u00bb\u00a0\u00bb filter_hue_rotate_phone=\u00a0\u00bb292deg\u00a0\u00bb filter_hue_rotate_last_edited=\u00a0\u00bbon|phone\u00a0\u00bb filter_saturate_tablet=\u00a0\u00bb\u00a0\u00bb filter_saturate_phone=\u00a0\u00bb166%\u00a0\u00bb filter_saturate_last_edited=\u00a0\u00bbon|phone\u00a0\u00bb filter_brightness_tablet=\u00a0\u00bb\u00a0\u00bb filter_brightness_phone=\u00a0\u00bb132%\u00a0\u00bb filter_brightness_last_edited=\u00a0\u00bbon|phone\u00a0\u00bb filter_opacity_tablet=\u00a0\u00bb\u00a0\u00bb filter_opacity_phone=\u00a0\u00bb100%\u00a0\u00bb filter_opacity_last_edited=\u00a0\u00bbon|phone\u00a0\u00bb text_text_shadow_style=\u00a0\u00bbpreset3&Prime; text_text_shadow_blur_strength=\u00a0\u00bb0.08em\u00a0\u00bb text_text_shadow_color=\u00a0\u00bb#000000&Prime; global_colors_info=\u00a0\u00bb{}\u00a0\u00bb content__hover_enabled=\u00a0\u00bboff|desktop\u00a0\u00bb custom_padding__hover_enabled=\u00a0\u00bboff|desktop\u00a0\u00bb]<p>Le monast\u00e8re<\/p>[\/et_pb_text][\/et_pb_column][\/et_pb_row][\/et_pb_section][et_pb_section fb_built=\u00a0\u00bb1&Prime; _builder_version=\u00a0\u00bb4.19.5&Prime; _module_preset=\u00a0\u00bbdefault\u00a0\u00bb custom_padding=\u00a0\u00bb||8px|||\u00a0\u00bb global_colors_info=\u00a0\u00bb{}\u00a0\u00bb][et_pb_row _builder_version=\u00a0\u00bb4.19.5&Prime; _module_preset=\u00a0\u00bbdefault\u00a0\u00bb global_colors_info=\u00a0\u00bb{}\u00a0\u00bb][et_pb_column type=\u00a0\u00bb4_4&Prime; _builder_version=\u00a0\u00bb4.19.5&Prime; _module_preset=\u00a0\u00bbdefault\u00a0\u00bb global_colors_info=\u00a0\u00bb{}\u00a0\u00bb][et_pb_text _builder_version=\u00a0\u00bb4.21.0&Prime; _module_preset=\u00a0\u00bbdefault\u00a0\u00bb text_font=\u00a0\u00bbComfortaa||||||||\u00a0\u00bb text_text_color=\u00a0\u00bb#0C71C3&Prime; text_font_size=\u00a0\u00bb36px\u00a0\u00bb text_orientation=\u00a0\u00bbcenter\u00a0\u00bb hover_enabled=\u00a0\u00bb0&Prime; text_text_shadow_style=\u00a0\u00bbpreset2&Prime; text_text_shadow_color=\u00a0\u00bb#E09900&Prime; global_colors_info=\u00a0\u00bb{}\u00a0\u00bb text_line_height_last_edited=\u00a0\u00bbon|phone\u00a0\u00bb text_line_height_phone=\u00a0\u00bb1.4em\u00a0\u00bb sticky_enabled=\u00a0\u00bb0&Prime;]<p><span style=\"color: #3366ff;\">Histoire des Clarisses en Is\u00e8re<\/span><\/p>[\/et_pb_text][\/et_pb_column][\/et_pb_row][\/et_pb_section][et_pb_section fb_built=\u00a0\u00bb1&Prime; _builder_version=\u00a0\u00bb4.20.4&Prime; _module_preset=\u00a0\u00bbdefault\u00a0\u00bb custom_padding=\u00a0\u00bb0px|||||\u00a0\u00bb global_colors_info=\u00a0\u00bb{}\u00a0\u00bb][et_pb_row column_structure=\u00a0\u00bb1_2,1_2&Prime; _builder_version=\u00a0\u00bb4.20.4&Prime; _module_preset=\u00a0\u00bbdefault\u00a0\u00bb min_height=\u00a0\u00bb795.4px\u00a0\u00bb global_colors_info=\u00a0\u00bb{}\u00a0\u00bb][et_pb_column type=\u00a0\u00bb1_2&Prime; _builder_version=\u00a0\u00bb4.20.4&Prime; _module_preset=\u00a0\u00bbdefault\u00a0\u00bb global_colors_info=\u00a0\u00bb{}\u00a0\u00bb][et_pb_text _builder_version=\u00a0\u00bb4.21.0&Prime; _module_preset=\u00a0\u00bbdefault\u00a0\u00bb text_font=\u00a0\u00bbComfortaa||||||||\u00a0\u00bb text_font_size=\u00a0\u00bb16px\u00a0\u00bb hover_enabled=\u00a0\u00bb0&Prime; global_colors_info=\u00a0\u00bb{}\u00a0\u00bb text_orientation=\u00a0\u00bbjustified\u00a0\u00bb sticky_enabled=\u00a0\u00bb0&Prime;]<p><span style=\"color: #3366ff;\"><strong>1342<\/strong> <\/span>Premi\u00e8re fondation des clarisses \u00e0 Moirans avec l\u2019aide du prince Humbert II, dauphin des viennois, rapidement d\u00e9cim\u00e9e par la peste noire.<\/p>\n<p><span style=\"color: #3366ff;\"><strong>1478<\/strong><\/span> Deuxi\u00e8me fondation \u00e0 Grenoble (\u00e0 l\u2019emplacement actuel des Halles Sainte-Claire) par Jeanne Bayle, fille du procureur du Conseil Delphinal et avec l\u2019aide du Dauphin, futur Louis XI \u00e0 qui elle refusa ses hommages. Mais les guerres de religion, la R\u00e9volution, la Terreur ont raison de la communaut\u00e9. En 1792, le monast\u00e8re est ras\u00e9, les s\u0153urs emprisonn\u00e9es \u00e0 la prison Sainte-Marie-d&rsquo; en-Haut (actuellement mus\u00e9e Dauphinois). Quatre d\u2019entre elles d\u00e9c\u00e9deront durant leur incarc\u00e9ration.<\/p>\n<p><span style=\"color: #3366ff;\"><strong>1878<\/strong><\/span> Troisi\u00e8me fondation \u00e0 Grenoble (rue d\u2019Alembert) \u00e0 l\u2019initiative de la communaut\u00e9 des clarisses de Romans, autrefois fond\u00e9e par celle de Grenoble.<\/p>\n<p><span style=\"color: #3366ff;\"><strong>1964<\/strong><\/span> Le monast\u00e8re v\u00e9tuste, en zone bruyante de jour et de nuit, trop petit pour la communaut\u00e9 qui compte trente s\u0153urs, d\u00e9m\u00e9nage \u00e0 Voreppe, nord-est de Grenoble, dans un ancien coll\u00e8ge ayant subi les al\u00e9as de l\u2019histoire\u00a0; la communaut\u00e9 le transforme pour l\u2019adapter \u00e0 la vie monastique.<\/p>\n<p><span style=\"color: #3366ff;\"><strong>1968<\/strong><\/span> B\u00e9n\u00e9diction de la chapelle et construction de l\u2019hospitalit\u00e9.<\/p>\n<p><span style=\"color: #3366ff;\"><strong>Actuellement, <\/strong><\/span>le monast\u00e8re du <em>Clos Saint-Nizier<\/em>, dans ce cadre splendide, poursuit sa vie ordinaire de pr\u00e9sence \u00e0 Dieu et aux hommes, \u00e0 l\u2019\u00e9cole de sainte Claire (patronne de la t\u00e9l\u00e9vision) et de saint Fran\u00e7ois (patron de l\u2019\u00e9cologie) dans la pri\u00e8re et le travail avec Foi et Esp\u00e9rance.<\/p>[\/et_pb_text][\/et_pb_column][et_pb_column type=\u00a0\u00bb1_2&Prime; _builder_version=\u00a0\u00bb4.20.4&Prime; _module_preset=\u00a0\u00bbdefault\u00a0\u00bb global_colors_info=\u00a0\u00bb{}\u00a0\u00bb][et_pb_image src=\u00a0\u00bbhttps:\/\/clarissesvoreppe.fr\/wp-content\/uploads\/2023\/04\/A04b-scaled.jpg\u00a0\u00bb title_text=\u00a0\u00bbA04b\u00a0\u00bb _builder_version=\u00a0\u00bb4.20.4&Prime; _module_preset=\u00a0\u00bbdefault\u00a0\u00bb animation_style=\u00a0\u00bbslide\u00a0\u00bb animation_duration=\u00a0\u00bb1850ms\u00a0\u00bb animation_starting_opacity=\u00a0\u00bb74%\u00a0\u00bb border_radii=\u00a0\u00bbon|11px|11px|11px|11px\u00a0\u00bb box_shadow_style=\u00a0\u00bbpreset1&Prime; global_colors_info=\u00a0\u00bb{}\u00a0\u00bb][\/et_pb_image][et_pb_image src=\u00a0\u00bbhttps:\/\/clarissesvoreppe.fr\/wp-content\/uploads\/2023\/04\/A03b.jpg\u00a0\u00bb title_text=\u00a0\u00bbA03b\u00a0\u00bb _builder_version=\u00a0\u00bb4.20.4&Prime; _module_preset=\u00a0\u00bbdefault\u00a0\u00bb animation_style=\u00a0\u00bbslide\u00a0\u00bb animation_direction=\u00a0\u00bbright\u00a0\u00bb animation_duration=\u00a0\u00bb1400ms\u00a0\u00bb border_radii=\u00a0\u00bbon|11px|11px|11px|11px\u00a0\u00bb box_shadow_style=\u00a0\u00bbpreset1&Prime; global_colors_info=\u00a0\u00bb{}\u00a0\u00bb][\/et_pb_image][\/et_pb_column][\/et_pb_row][\/et_pb_section]\n","protected":false},"excerpt":{"rendered":"<p>Le monast\u00e8reHistoire des Clarisses en Is\u00e8re1342 Premi\u00e8re fondation des clarisses \u00e0 Moirans avec l\u2019aide du prince Humbert II, dauphin des viennois, rapidement d\u00e9cim\u00e9e par la peste noire. 1478 Deuxi\u00e8me fondation [&hellip;]<\/p>\n","protected":false},"author":2,"featured_media":738,"parent":0,"menu_order":0,"comment_status":"closed","ping_status":"closed","template":"","meta":{"_et_pb_use_builder":"on","_et_pb_old_content":"","_et_gb_content_width":"","footnotes":""},"class_list":["post-940","page","type-page","status-publish","has-post-thumbnail","hentry"],"yoast_head":"<!-- This site is optimized with the Yoast SEO plugin v27.4 - https:\/\/yoast.com\/product\/yoast-seo-wordpress\/ -->\n<title>Histoire monast\u00e8re Clarisses Is\u00e8re<\/title>\n<meta name=\"description\" content=\"Histoire monast\u00e8re Clarisses Is\u00e8re, le monast\u00e8re du Clos Saint-Nizier, poursuit sa vie de pr\u00e9sence \u00e0 Dieu \u00e0 l\u2019\u00e9cole de sainte Claire.\" \/>\n<meta name=\"robots\" content=\"index, follow, max-snippet:-1, max-image-preview:large, max-video-preview:-1\" \/>\n<link rel=\"canonical\" href=\"https:\/\/clarissesvoreppe.fr\/index.php\/histoire-monastere-clarisses-isere\/\" \/>\n<meta property=\"og:locale\" content=\"fr_FR\" \/>\n<meta property=\"og:type\" content=\"article\" \/>\n<meta property=\"og:title\" content=\"Histoire monast\u00e8re Clarisses Is\u00e8re\" \/>\n<meta property=\"og:description\" content=\"Histoire monast\u00e8re Clarisses Is\u00e8re, le monast\u00e8re du Clos Saint-Nizier, poursuit sa vie de pr\u00e9sence \u00e0 Dieu \u00e0 l\u2019\u00e9cole de sainte Claire.\" \/>\n<meta property=\"og:url\" content=\"https:\/\/clarissesvoreppe.fr\/index.php\/histoire-monastere-clarisses-isere\/\" \/>\n<meta property=\"og:site_name\" content=\"Monast\u00e8re des Clarisses Voreppe\" \/>\n<meta property=\"article:modified_time\" content=\"2024-01-04T15:42:30+00:00\" \/>\n<meta property=\"og:image\" content=\"https:\/\/clarissesvoreppe.fr\/wp-content\/uploads\/2023\/01\/P1010622-scaled.jpg\" \/>\n\t<meta property=\"og:image:width\" content=\"2560\" \/>\n\t<meta property=\"og:image:height\" content=\"1922\" \/>\n\t<meta property=\"og:image:type\" content=\"image\/jpeg\" \/>\n<meta name=\"twitter:card\" content=\"summary_large_image\" \/>\n<meta name=\"twitter:label1\" content=\"Dur\u00e9e de lecture estim\u00e9e\" \/>\n\t<meta name=\"twitter:data1\" content=\"2 minutes\" \/>\n<script type=\"application\/ld+json\" class=\"yoast-schema-graph\">{\"@context\":\"https:\\\/\\\/schema.org\",\"@graph\":[{\"@type\":\"WebPage\",\"@id\":\"https:\\\/\\\/clarissesvoreppe.fr\\\/index.php\\\/histoire-monastere-clarisses-isere\\\/\",\"url\":\"https:\\\/\\\/clarissesvoreppe.fr\\\/index.php\\\/histoire-monastere-clarisses-isere\\\/\",\"name\":\"Histoire monast\u00e8re Clarisses Is\u00e8re\",\"isPartOf\":{\"@id\":\"https:\\\/\\\/clarissesvoreppe.fr\\\/#website\"},\"primaryImageOfPage\":{\"@id\":\"https:\\\/\\\/clarissesvoreppe.fr\\\/index.php\\\/histoire-monastere-clarisses-isere\\\/#primaryimage\"},\"image\":{\"@id\":\"https:\\\/\\\/clarissesvoreppe.fr\\\/index.php\\\/histoire-monastere-clarisses-isere\\\/#primaryimage\"},\"thumbnailUrl\":\"https:\\\/\\\/clarissesvoreppe.fr\\\/wp-content\\\/uploads\\\/2023\\\/01\\\/P1010622-scaled.jpg\",\"datePublished\":\"2023-01-27T21:13:56+00:00\",\"dateModified\":\"2024-01-04T15:42:30+00:00\",\"description\":\"Histoire monast\u00e8re Clarisses Is\u00e8re, le monast\u00e8re du Clos Saint-Nizier, poursuit sa vie de pr\u00e9sence \u00e0 Dieu \u00e0 l\u2019\u00e9cole de sainte Claire.\",\"breadcrumb\":{\"@id\":\"https:\\\/\\\/clarissesvoreppe.fr\\\/index.php\\\/histoire-monastere-clarisses-isere\\\/#breadcrumb\"},\"inLanguage\":\"fr-FR\",\"potentialAction\":[{\"@type\":\"ReadAction\",\"target\":[\"https:\\\/\\\/clarissesvoreppe.fr\\\/index.php\\\/histoire-monastere-clarisses-isere\\\/\"]}]},{\"@type\":\"ImageObject\",\"inLanguage\":\"fr-FR\",\"@id\":\"https:\\\/\\\/clarissesvoreppe.fr\\\/index.php\\\/histoire-monastere-clarisses-isere\\\/#primaryimage\",\"url\":\"https:\\\/\\\/clarissesvoreppe.fr\\\/wp-content\\\/uploads\\\/2023\\\/01\\\/P1010622-scaled.jpg\",\"contentUrl\":\"https:\\\/\\\/clarissesvoreppe.fr\\\/wp-content\\\/uploads\\\/2023\\\/01\\\/P1010622-scaled.jpg\",\"width\":2560,\"height\":1922,\"caption\":\"Histoire monast\u00e8re Clarisses Is\u00e8re\"},{\"@type\":\"BreadcrumbList\",\"@id\":\"https:\\\/\\\/clarissesvoreppe.fr\\\/index.php\\\/histoire-monastere-clarisses-isere\\\/#breadcrumb\",\"itemListElement\":[{\"@type\":\"ListItem\",\"position\":1,\"name\":\"Accueil\",\"item\":\"https:\\\/\\\/clarissesvoreppe.fr\\\/\"},{\"@type\":\"ListItem\",\"position\":2,\"name\":\"Le monast\u00e8re\"}]},{\"@type\":\"WebSite\",\"@id\":\"https:\\\/\\\/clarissesvoreppe.fr\\\/#website\",\"url\":\"https:\\\/\\\/clarissesvoreppe.fr\\\/\",\"name\":\"Monast\u00e8re des Clarisses Voreppe\",\"description\":\"Paix et Bien\",\"potentialAction\":[{\"@type\":\"SearchAction\",\"target\":{\"@type\":\"EntryPoint\",\"urlTemplate\":\"https:\\\/\\\/clarissesvoreppe.fr\\\/?s={search_term_string}\"},\"query-input\":{\"@type\":\"PropertyValueSpecification\",\"valueRequired\":true,\"valueName\":\"search_term_string\"}}],\"inLanguage\":\"fr-FR\"}]}<\/script>\n<!-- \/ Yoast SEO plugin. -->","yoast_head_json":{"title":"Histoire monast\u00e8re Clarisses Is\u00e8re","description":"Histoire monast\u00e8re Clarisses Is\u00e8re, le monast\u00e8re du Clos Saint-Nizier, poursuit sa vie de pr\u00e9sence \u00e0 Dieu \u00e0 l\u2019\u00e9cole de sainte Claire.","robots":{"index":"index","follow":"follow","max-snippet":"max-snippet:-1","max-image-preview":"max-image-preview:large","max-video-preview":"max-video-preview:-1"},"canonical":"https:\/\/clarissesvoreppe.fr\/index.php\/histoire-monastere-clarisses-isere\/","og_locale":"fr_FR","og_type":"article","og_title":"Histoire monast\u00e8re Clarisses Is\u00e8re","og_description":"Histoire monast\u00e8re Clarisses Is\u00e8re, le monast\u00e8re du Clos Saint-Nizier, poursuit sa vie de pr\u00e9sence \u00e0 Dieu \u00e0 l\u2019\u00e9cole de sainte Claire.","og_url":"https:\/\/clarissesvoreppe.fr\/index.php\/histoire-monastere-clarisses-isere\/","og_site_name":"Monast\u00e8re des Clarisses Voreppe","article_modified_time":"2024-01-04T15:42:30+00:00","og_image":[{"width":2560,"height":1922,"url":"https:\/\/clarissesvoreppe.fr\/wp-content\/uploads\/2023\/01\/P1010622-scaled.jpg","type":"image\/jpeg"}],"twitter_card":"summary_large_image","twitter_misc":{"Dur\u00e9e de lecture estim\u00e9e":"2 minutes"},"schema":{"@context":"https:\/\/schema.org","@graph":[{"@type":"WebPage","@id":"https:\/\/clarissesvoreppe.fr\/index.php\/histoire-monastere-clarisses-isere\/","url":"https:\/\/clarissesvoreppe.fr\/index.php\/histoire-monastere-clarisses-isere\/","name":"Histoire monast\u00e8re Clarisses Is\u00e8re","isPartOf":{"@id":"https:\/\/clarissesvoreppe.fr\/#website"},"primaryImageOfPage":{"@id":"https:\/\/clarissesvoreppe.fr\/index.php\/histoire-monastere-clarisses-isere\/#primaryimage"},"image":{"@id":"https:\/\/clarissesvoreppe.fr\/index.php\/histoire-monastere-clarisses-isere\/#primaryimage"},"thumbnailUrl":"https:\/\/clarissesvoreppe.fr\/wp-content\/uploads\/2023\/01\/P1010622-scaled.jpg","datePublished":"2023-01-27T21:13:56+00:00","dateModified":"2024-01-04T15:42:30+00:00","description":"Histoire monast\u00e8re Clarisses Is\u00e8re, le monast\u00e8re du Clos Saint-Nizier, poursuit sa vie de pr\u00e9sence \u00e0 Dieu \u00e0 l\u2019\u00e9cole de sainte Claire.","breadcrumb":{"@id":"https:\/\/clarissesvoreppe.fr\/index.php\/histoire-monastere-clarisses-isere\/#breadcrumb"},"inLanguage":"fr-FR","potentialAction":[{"@type":"ReadAction","target":["https:\/\/clarissesvoreppe.fr\/index.php\/histoire-monastere-clarisses-isere\/"]}]},{"@type":"ImageObject","inLanguage":"fr-FR","@id":"https:\/\/clarissesvoreppe.fr\/index.php\/histoire-monastere-clarisses-isere\/#primaryimage","url":"https:\/\/clarissesvoreppe.fr\/wp-content\/uploads\/2023\/01\/P1010622-scaled.jpg","contentUrl":"https:\/\/clarissesvoreppe.fr\/wp-content\/uploads\/2023\/01\/P1010622-scaled.jpg","width":2560,"height":1922,"caption":"Histoire monast\u00e8re Clarisses Is\u00e8re"},{"@type":"BreadcrumbList","@id":"https:\/\/clarissesvoreppe.fr\/index.php\/histoire-monastere-clarisses-isere\/#breadcrumb","itemListElement":[{"@type":"ListItem","position":1,"name":"Accueil","item":"https:\/\/clarissesvoreppe.fr\/"},{"@type":"ListItem","position":2,"name":"Le monast\u00e8re"}]},{"@type":"WebSite","@id":"https:\/\/clarissesvoreppe.fr\/#website","url":"https:\/\/clarissesvoreppe.fr\/","name":"Monast\u00e8re des Clarisses Voreppe","description":"Paix et Bien","potentialAction":[{"@type":"SearchAction","target":{"@type":"EntryPoint","urlTemplate":"https:\/\/clarissesvoreppe.fr\/?s={search_term_string}"},"query-input":{"@type":"PropertyValueSpecification","valueRequired":true,"valueName":"search_term_string"}}],"inLanguage":"fr-FR"}]}},"_links":{"self":[{"href":"https:\/\/clarissesvoreppe.fr\/index.php\/wp-json\/wp\/v2\/pages\/940","targetHints":{"allow":["GET"]}}],"collection":[{"href":"https:\/\/clarissesvoreppe.fr\/index.php\/wp-json\/wp\/v2\/pages"}],"about":[{"href":"https:\/\/clarissesvoreppe.fr\/index.php\/wp-json\/wp\/v2\/types\/page"}],"author":[{"embeddable":true,"href":"https:\/\/clarissesvoreppe.fr\/index.php\/wp-json\/wp\/v2\/users\/2"}],"replies":[{"embeddable":true,"href":"https:\/\/clarissesvoreppe.fr\/index.php\/wp-json\/wp\/v2\/comments?post=940"}],"version-history":[{"count":29,"href":"https:\/\/clarissesvoreppe.fr\/index.php\/wp-json\/wp\/v2\/pages\/940\/revisions"}],"predecessor-version":[{"id":1953,"href":"https:\/\/clarissesvoreppe.fr\/index.php\/wp-json\/wp\/v2\/pages\/940\/revisions\/1953"}],"wp:featuredmedia":[{"embeddable":true,"href":"https:\/\/clarissesvoreppe.fr\/index.php\/wp-json\/wp\/v2\/media\/738"}],"wp:attachment":[{"href":"https:\/\/clarissesvoreppe.fr\/index.php\/wp-json\/wp\/v2\/media?parent=940"}],"curies":[{"name":"wp","href":"https:\/\/api.w.org\/{rel}","templated":true}]}}